{"id":2233,"date":"2024-07-05T14:27:03","date_gmt":"2024-07-05T11:27:03","guid":{"rendered":"https:\/\/vanrentalthessaloniki.gr\/?page_id=2233"},"modified":"2024-07-07T13:56:44","modified_gmt":"2024-07-07T10:56:44","slug":"terms-bedingugen","status":"publish","type":"page","link":"https:\/\/vanrentalthessaloniki.gr\/de\/terms-bedingugen\/","title":{"rendered":"Terms &amp; Bedingugen"},"content":{"rendered":"<div id=\"tw-container\" class=\"\" data-cp=\"1\" data-ddp=\"true\" data-drd=\"1700\" data-drt=\"10000\" data-is-rde=\"false\" data-is-ver=\"false\" data-nnttsvi=\"1\" data-sletp=\"false\" data-sm=\"1\" data-ssbp=\"true\" data-sugg-time=\"500\" data-sugg-url=\"https:\/\/clients1.google.com\/complete\/search\" data-tcp=\"geluk met jou verjaarsdag,gelukkige verjaarsdag,awoda pa,\u1218\u120d\u12ab\u121d \u120d\u12f0\u1275,\u0639\u064a\u062f \u0645\u064a\u0644\u0627\u062f \u0633\u0639\u064a\u062f,\u099c\u09a8\u09cd\u09ae\u09a6\u09bf\u09a8\u09f0 \u0993\u09b2\u0997 \u099c\u09a8\u09be\u09b2\u09cb\u0981,aski mara phuqhawi,do\u011fum g\u00fcn\u00fcn m\u00fcbar\u0259k,ad g\u00fcn\u00fcn m\u00fcbar\u0259k,\u0437 \u0434\u043d\u0451\u043c \u043d\u0430\u0440\u0430\u0434\u0436\u044d\u043d\u043d\u044f,\u0447\u0435\u0441\u0442\u0438\u0442 \u0440\u043e\u0436\u0434\u0435\u043d \u0434\u0435\u043d,\u091c\u0928\u094d\u092e \u0926\u093f\u0928 \u0915\u0947 \u0936\u0941\u092d \u0915\u093e\u092e\u0928\u093e,sanb\u03b5 sanb\u03b5,\u09b6\u09c1\u09ad \u099c\u09a8\u09cd\u09ae\u09a6\u09bf\u09a8,sretan ro\u0111endan,per molts anys,feli\u00e7 aniversari,malipayong adlawng natawhan,\u06cc\u0627\u062f\u06cc \u0644\u06d5\u062f\u0627\u06cc\u06a9 \u0628\u0648\u0648\u0646\u062a \u067e\u06cc\u0631\u06c6\u0632 \u0628\u06ce\u062a,felice anniversariu,v\u0161echno nejlep\u0161\u00ed k narozenin\u00e1m,pen-blwydd hapus,penblwydd hapus,tillykke med f\u00f8dselsdagen,alles gute zum geburtstag,\u0938\u093e\u0932\u0917\u093f\u0930\u0939\u094d \u092e\u092c\u093e\u0930\u0915,\u0787\u07aa\u078a\u07a7\u0788\u07ac\u0783\u07a8 \u0787\u07aa\u078a\u07a6\u0782\u07b0\u078b\u07aa\u0788\u07a6\u0780\u07ac\u0787\u07b0,dzigbe z\u00e3 nyuie na w\u00f2,\u03c7\u03b1\u03c1\u03bf\u03cd\u03bc\u03b5\u03bd\u03b1 \u03b3\u03b5\u03bd\u03ad\u03b8\u03bb\u03b9\u03b1,happy birthday,feli\u0109an naski\u011dtagon,feliz cumplea\u00f1os,palju \u00f5nne s\u00fcnnip\u00e4evaks,zorionak,\u062a\u0648\u0644\u062f\u062a \u0645\u0628\u0627\u0631\u06a9,hyv\u00e4\u00e4 syntym\u00e4p\u00e4iv\u00e4\u00e4,joyeux anniversaire,lokkige jierdei,l\u00e1 breithe sona,l\u00e1 breithe shona duit,co-l\u00e0-breith math,feliz aniversario,vy'apav\u1ebd,\u091c\u0932\u094d\u092e\u0926\u093f\u0938\u093e\u091a\u0940 \u092a\u0930\u092c\u0940,\u0a9c\u0aa8\u0acd\u0aae\u0aa6\u0abf\u0ab5\u0ab8\u0aa8\u0ac0 \u0ab6\u0ac1\u0aad\u0ac7\u0a9a\u0acd\u0a9b\u0abe,\u0a9c\u0aa8\u0acd\u0aae\u0aa6\u0abf\u0ab5\u0ab8 \u0aa8\u0ac0 \u0ab6\u0ac1\u0aad\u0a95\u0abe\u0aae\u0aa8\u0abe,barka da ranar haihuwa,hau\u02bboli l\u0101 h\u0101nau,\u091c\u0928\u094d\u092e\u0926\u093f\u0928 \u0915\u0940 \u0936\u0941\u092d\u0915\u093e\u092e\u0928\u093e\u090f\u0902,\u091c\u0928\u094d\u092e\u0926\u093f\u0928 \u0915\u0940 \u0936\u0941\u092d\u0915\u093e\u092e\u0928\u093e\u090f\u0901,sretan ro\u0111endan,b\u00f2n f\u00e8t,boldog sz\u00fclet\u00e9snapot,\u056e\u0576\u0578\u0582\u0576\u0564\u0564 \u0577\u0576\u0578\u0580\u0570\u0561\u057e\u0578\u0580,selamat ulang tahun,ezi ncheta \u1ee5b\u1ecdch\u1ecb \u1ecdm\u1ee5m\u1ee5,ezi ncheta \u1ecdm\u1ee5m\u1ee5,naragsak a panagkasangay,til hamingju me\u00f0 afm\u00e6li\u00f0,buon compleanno,\u05d9\u05d5\u05dd \u05d4\u05d5\u05dc\u05d3\u05ea \u05e9\u05de\u05d7,\u8a95\u751f\u65e5\u304a\u3081\u3067\u3068\u3046,\u304a\u8a95\u751f\u65e5\u304a\u3081\u3067\u3068\u3046,sugeng ambal warsa,sugeng tanggap warsa,\u10d2\u10d8\u10da\u10dd\u10ea\u10d0\u10d5\u10d7 \u10d3\u10d0\u10d1\u10d0\u10d3\u10d4\u10d1\u10d8\u10e1 \u10d3\u10e6\u10d4\u10e1,\u10d2\u10d8\u10da\u10dd\u10ea\u10d0\u10d5 \u10d3\u10d0\u10d1\u10d0\u10d3\u10d4\u10d1\u10d8\u10e1 \u10d3\u10e6\u10d4\u10e1,\u0442\u0443\u0493\u0430\u043d \u043a\u04af\u043d \u049b\u04b1\u0442\u0442\u044b \u0431\u043e\u043b\u0441\u044b\u043d,\u0442\u0443\u044b\u043b\u0493\u0430\u043d \u043a\u04af\u043d\u0456\u04a3\u043c\u0435\u043d,\u179a\u17b8\u1780\u179a\u17b6\u1799\u1790\u17d2\u1784\u17c3\u1781\u17bd\u1794\u1780\u17c6\u178e\u17be\u178f,\u179a\u17b8\u1780\u179a\u17b6\u1799\u200b\u1790\u17d2\u1784\u17c3\u200b\u1780\u17c6\u178e\u17be\u178f,\u0cb9\u0cc1\u0c9f\u0ccd\u0c9f\u0cc1\u0cb9\u0cac\u0ccd\u0cac\u0ca6 \u0cb6\u0cc1\u0cad\u0cbe\u0cb6\u0caf\u0c97\u0cb3\u0cc1,\u0c9c\u0ca8\u0ccd\u0cae\u0ca6\u0cbf\u0ca8\u0ca6 \u0cb6\u0cc1\u0cad\u0cbe\u0cb6\u0caf\u0c97\u0cb3\u0cc1,\uc0dd\uc77c \ucd95\ud558\ud569\ub2c8\ub2e4,\uc0dd\uc77c \ucd95\ud558\ud574\uc694,api batde,rojb\u00fbna te p\u00eeroz be,\u0442\u0443\u0443\u043b\u0433\u0430\u043d \u043a\u04af\u043d\u04af\u04a3\u04af\u0437 \u043c\u0435\u043d\u0435\u043d,\u0442\u0443\u0443\u043b\u0433\u0430\u043d \u043a\u0443\u043d\u0443\u04a3\u0443\u0437 \u043c\u0435\u043d\u0435\u043d \u043a\u0443\u0442\u0442\u0443\u043a\u0442\u0430\u0439\u043c,felix natalis,alles guddes fir de gebuertsdag,amazaalibwa amalungi,mbotama elamu,\u0eaa\u0eb8\u0e81\u0eaa\u0eb1\u0e99\u0ea7\u0eb1\u0e99\u0ec0\u0e81\u0eb5\u0e94,\u0eaa\u0eb8\u0e81\u200b\u0eaa\u0eb1\u0e99\u200b\u0ea7\u0eb1\u0e99\u200b\u0ec0\u0e81\u0eb5\u0e94,su gimtadieniu,piancham chibai,daudz laimes dzim\u0161anas dien\u0101,\u091c\u0928\u094d\u092e\u0926\u093f\u0928\u0915 \u0936\u0941\u092d\u0915\u093e\u092e\u0928\u093e,tratry ny tsingerin-taona,tratry ny tsingerintaona nahaterahana,\u0441\u0440\u0435\u045c\u0435\u043d \u0440\u043e\u0434\u0435\u043d\u0434\u0435\u043d,\u0d1c\u0d28\u0d4d\u0d2e\u0d26\u0d3f\u0d28\u0d3e\u0d36\u0d02\u0d38\u0d15\u0d7e,\u0442\u04e9\u0440\u0441\u04e9\u043d \u04e9\u0434\u0440\u0438\u0439\u043d \u043c\u044d\u043d\u0434 \u0445\u04af\u0440\u0433\u044d\u0435,\u0442\u04e9\u0440\u0441\u04e9\u043d \u04e9\u0434\u0440\u0438\u0439\u043d \u043c\u044d\u043d\u0434,\uabc5\uabe8\uabe1\uabc9\uabe5\uabcf\uabd4\uabd5 \uabc4\uabe3\uabdb\uabc4 \uabc5\uabe8\uabc3\uabe4\uabe0,\u0935\u093e\u0922\u0926\u093f\u0935\u0938\u093e\u091a\u094d\u092f\u093e \u0936\u0941\u092d\u0947\u091a\u094d\u091b\u093e,\u0935\u093e\u0922\u0926\u093f\u0935\u0938\u093e\u091a\u094d\u092f\u093e \u0939\u093e\u0930\u094d\u0926\u093f\u0915 \u0936\u0941\u092d\u0947\u091a\u094d\u091b\u093e,selamat hari lahir,xewqat sbie\u0127 f'g\u0127eluq sninek,\u1015\u103b\u1031\u102c\u103a\u101b\u103d\u103e\u1004\u103a\u1016\u103d\u101a\u103a \u1019\u103d\u1031\u1038\u1014\u1031\u1037\u1016\u103c\u1005\u103a\u1015\u102b\u1005\u1031,\u1015\u103b\u1031\u102c\u103a\u101b\u103d\u103e\u1004\u103a\u1005\u101b\u102c\u1019\u103d\u1031\u1038\u1014\u1031\u1037\u1016\u103c\u1005\u103a\u1015\u102b\u1005\u1031,\u091c\u0928\u094d\u092e \u0926\u093f\u0928\u0915\u094b \u0936\u0941\u092d\u0915\u093e\u092e\u0928\u093e,gefeliciteerd met je verjaardag,gefeliciteerd,gratulerer med dagen,matswalo a mabotse,tsiku labwino lobadwa,baga guyyaa dhaloota kee geesse,\u0b1c\u0b28\u0b4d\u0b2e\u0b26\u0b3f\u0b28\u0b30 \u0b36\u0b41\u0b2d\u0b47\u0b1a\u0b4d\u0b1b\u0b3e,\u0b1c\u0b28\u0b4d\u0b2e\u0b26\u0b3f\u0b28\u0b30 \u0b05\u0b2d\u0b3f\u0b28\u0b28\u0b4d\u0b26\u0b28,\u0a1c\u0a28\u0a2e\u0a26\u0a3f\u0a28 \u0a26\u0a40\u0a06\u0a02 \u0a35\u0a27\u0a3e\u0a08\u0a06\u0a02,\u0a1c\u0a28\u0a2e\u0a26\u0a3f\u0a28 \u0a2e\u0a41\u0a2c\u0a3e\u0a30\u0a15,wszystkiego najlepszego z okazji urodzin,\u06a9\u0644\u06cc\u0632\u0647 \u062f\u06cc \u0646\u06cc\u06a9\u0645\u0631\u063a\u0647,feliz anivers\u00e1rio,punchawniykipi kusikuni,la mul\u021bi ani,\u0441 \u0434\u043d\u0435\u043c \u0440\u043e\u0436\u0434\u0435\u043d\u0438\u044f,isabukuru nziza,\u0936\u0941\u092d\u0902 \u091c\u0928\u094d\u092e\u0926\u093f\u0928\u092e\u094d\u200c,\u062c\u0646\u0645 \u068f\u064a\u0646\u0647\u0646 \u0645\u0628\u0627\u0631\u06aa,\u0dc3\u0dd4\u0db6 \u0d8b\u0db4\u0db1\u0dca \u0daf\u0dd2\u0db1\u0dba\u0d9a\u0dca,v\u0161etko najlep\u0161ie k narodenin\u00e1m,\u0161\u0165astn\u00e9 narodeniny,vse najbolj\u0161e,manuia asofanau,bhavhadhe rinofadza,maalin dhalasheed farxad leh,dhalasho wacan,g\u00ebzuar dit\u00eblindjen,\u0441\u0440\u0435\u045b\u0430\u043d \u0440\u043e\u0452\u0435\u043d\u0434\u0430\u043d,letsatsi le monate la tsoalo,wilujeung milangkala,wilujeung tepang taun,grattis p\u00e5 f\u00f6delsedagen,heri ya siku ya kuzaliwa,\u0baa\u0bbf\u0bb1\u0ba8\u0bcd\u0ba4\u0ba8\u0bbe\u0bb3\u0bcd \u0bb5\u0bbe\u0bb4\u0bcd\u0ba4\u0bcd\u0ba4\u0bc1\u0b95\u0bb3\u0bcd,\u0baa\u0bbf\u0bb1\u0ba8\u0bcd\u0ba4\u0ba8\u0bbe\u0bb3\u0bcd \u0bb5\u0bbe\u0bb4\u0bcd\u0ba4\u0bcd\u0ba4\u0bc1\u0b95\u0bcd\u0b95\u0bb3\u0bcd,\u0c2a\u0c41\u0c1f\u0c4d\u0c1f\u0c3f\u0c28\u0c30\u0c4b\u0c1c\u0c41 \u0c36\u0c41\u0c2d\u0c3e\u0c15\u0c3e\u0c02\u0c15\u0c4d\u0c37\u0c32\u0c41,\u0437\u043e\u0434\u0440\u04ef\u0437 \u043c\u0443\u0431\u043e\u0440\u0430\u043a,\u0e2a\u0e38\u0e02\u0e2a\u0e31\u0e19\u0e15\u0e4c\u0e27\u0e31\u0e19\u0e40\u0e01\u0e34\u0e14,\u12a5\u1295\u12b3\u12d5 \u1270\u12c8\u1208\u12f5\u12ab,doglan g\u00fcn\u00fc\u0148 bilen,maligayang kaarawan,do\u011fum g\u00fcn\u00fcn\u00fcz kutlu olsun,do\u011fum g\u00fcn\u00fcn kutlu olsun,siku lerinene ro velekiwa,\u0442\u0443\u0433\u0430\u043d \u043a\u04e9\u043d \u0431\u0435\u043b\u04d9\u043d,\u0437 \u0434\u043d\u0435\u043c \u043d\u0430\u0440\u043e\u0434\u0436\u0435\u043d\u043d\u044f,\u0633\u0627\u0644\u06af\u0631\u06c1 \u0645\u0628\u0627\u0631\u06a9,\u0633\u0627\u0644\u06af\u0631\u06c1 \u0645\u0628\u0627\u0631\u06a9 \u06c1\u0648,tug\u02bbilgan kuningiz bilan,tug'ilgan kun muborak bo'lsin,ch\u00fac m\u1eebng sinh nh\u1eadt,mini emnandi,nwabela usuku lwakho owaqala ngalo,o ku\u0301 a\u0300ya\u0301j\u1ecd\u0301 \u1ecdj\u1ecd\u0301 i\u0300bi\u0301,o ku ojo ibi,\u751f\u65e5\u5feb\u4e50,\u751f\u65e5\u5feb\u6a02,sikufisela usuku lokuzalwa oluhle,usuku olumnandi lokuzalwa\" data-uilc=\"el\" data-vil=\",af,af-ZA,am,am-ET,ar-EG,ar-AE,ar-KW,ar-QA,ar,ar-IL,ar-JO,ar-LB,ar-PS,az,az-AZ,bg,bg-BG,bn,bn-BD,bn-IN,ca,ca-es,cs,cs-CZ,de,de-DE,de-CH,de-AT,de-LI,en,en-US,en-CA,en-AU,en-NZ,en-GB,en-IN,en-KE,en-TZ,en-NG,en-GH,en-PH,en-ZA,es,es-ES,es-AR,es-UY,es-419,es-BO,es-CL,es-CR,es-CO,es-DO,es-EC,es-GT,es-HN,es-NI,es-PA,es-PE,es-PR,es-PY,es-SV,es-VE,es-MX,es-US,eu,eu-ES,fi,fi-FI,fr,fr-FR,fr-CH,fr-BE,gl,gl-ES,gu,gu-IN,he,he-IL,iw,iw-IL,hu,hu-HU,hy,hy-AM,id,id-ID,is,is-IS,it,it-IT,it-CH,ja,ja-JP,jv,jv-ID,ka,ka-GE,km,km-KH,kn,kn-IN,ko,ko-KR,la,lo,lo-LA,lv,lv-LV,ml,ml-IN,mr,mr-IN,ms,ms-MY,nl,nl-NL,nb,nb-NO,ne,ne-NP,pl,pl-PL,pt,pt-BR,pt-PT,ro,ro-RO,ru,ru-RU,si-LK,sk,sk-SK,sr,sr-RS,su,su-ID,sv,sv-SE,sw,sw-TZ,sw-KE,ta,ta-IN,ta-SG,ta-LK,ta-MY,te,te-IN,tr,tr-TR,ur,ur-PK,ur-IN,yue,yue-HK,yue-Hant-HK,zh-HK,zh,zh-CN,zh-cmn,zh-cmn-CN,zh-Hans,zh-Hans-CN,zh-cmn-Hans,zh-cmn-Hans-CN,cmn-CN,cmn-Hans,cmn-Hans-CN,zh-TW,zh-Hant-TW,cmn-TW,cmn-Hant-TW,zh-cmn-TW,zh-cmn-Hant-TW,zu,zu-ZA,hi,hi-IN,tl,tl-PH,pa,pa-IN\">\n<div>\n<div>\n<div id=\"tw-ob\" class=\"tw-src-ltr\">\n<div class=\"oSioSc\">\n<div id=\"tw-target\">\n<div id=\"kAz1tf\" class=\"g9WsWb PZPZlf\" data-attrid=\"tw-targetArea\" data-entityname=\"Google Translate\">\n<div id=\"tw-target-text-container\" class=\"tw-ta-container F0azHf tw-nfl\" tabindex=\"0\">\n<p class=\"tw-data-text tw-text-large tw-ta\" dir=\"ltr\" data-placeholder=\"\u039c\u03b5\u03c4\u03ac\u03c6\u03c1\u03b1\u03c3\u03b7\" aria-label=\"\u039c\u03b5\u03c4\u03b1\u03c6\u03c1\u03b1\u03c3\u03bc\u03ad\u03bd\u03bf \u03ba\u03b5\u03af\u03bc\u03b5\u03bd\u03bf\" data-ved=\"2ahUKEwiLrp3W5I-HAxWOzAIHHaJdCVcQ3ewLegQIDhAU\"><span class=\"Y2IQFc\" lang=\"de\">ALLGEMEINE GESCH\u00c4FTSBEDINGUNGEN Die Mindestmietdauer betr\u00e4gt 1 Tag, berechnet nach einem 24-Stunden-System (R\u00fcckgabezeit entspricht der Lieferzeit am Abreisetag). Die Miete wird im Voraus bezahlt und die Autogarantie. Der Mieter ist verpflichtet, das gemietete Fahrzeug zu dem im Mietvertrag angegebenen Datum, Uhrzeit (max. +30 Minuten) und Ort an einen Vertreter des Unternehmens zur\u00fcckzugeben. Jede \u00c4nderung (Erweiterung oder Reduzierung) bedarf der schriftlichen Zustimmung des Vermieters. Bei R\u00fccksendungen oder Versp\u00e4tungen \u00fcber 30 Minuten ab der angegebenen Zeit wird ein zus\u00e4tzlicher Tag berechnet. Der Treibstoff liegt in der Verantwortung des Mieters. Die Menge des bei der R\u00fcckgabe gelieferten Kraftstoffs und AdBlue muss der Menge bei der Lieferung entsprechen, andernfalls wird eine Geb\u00fchr f\u00fcr den verbrauchten Kraftstoff und AdBlue zus\u00e4tzlich 10,00 \u20ac f\u00fcr den Nachf\u00fcllservice zuz\u00fcglich Mehrwertsteuer auf den Gesamtbetrag erhoben. F\u00fcr nicht verbrauchten Kraftstoff und AdBlue wird keine R\u00fcckerstattung gew\u00e4hrt. Der Mieter ist vom Zeitpunkt der \u00dcbernahme des Fahrzeugs bis zu seiner R\u00fcckgabe und \u00dcbergabe an einen Vertreter des Unternehmens f\u00fcr Verkehrsstrafen, Verst\u00f6\u00dfe, Falschparken und Verwaltungsstrafen verantwortlich, die w\u00e4hrend der Mietdauer verh\u00e4ngt wurden und zu deren Zahlung und Zahlung er verpflichtet ist Urkunde oder Quittung, andernfalls wird die Geb\u00fchr in H\u00f6he der H\u00f6he des Versto\u00dfes zuz\u00fcglich Verwaltungskosten in H\u00f6he von 15,00 \u20ac zuz\u00fcglich Mehrwertsteuer auf den Gesamtbetrag vom Vermieter erhoben, entweder nach der Erkl\u00e4rung des Versto\u00dfes durch ihn zum Zeitpunkt der \u00dcbergabe des Fahrzeugs, oder nach Benachrichtigung durch die Polizei oder Kommunalbeh\u00f6rden zu einem sp\u00e4teren Zeitpunkt und ohne zeitliche Begrenzung dieser Geb\u00fchren. Der Mieter hat das Fahrzeug vor jeder Nutzung zusammen mit einem Vertreter des Unternehmens zu pr\u00fcfen und vor jeglicher Gefahr zu sch\u00fctzen, auf die in der Schadenstabelle auf der Vorderseite vermerkten Sch\u00e4den hinzuweisen und das Fahrzeug im exakt gleichen Zustand zur\u00fcckzugeben. Die in der Miete enthaltene Versicherung deckt Folgendes ab: Haftpflicht f\u00fcr Personen- und Sachsch\u00e4den Dritter. Sollte der Mieter in einen Unfall verwickelt sein oder durch sein Verschulden oder ohne sein Wissen und unabh\u00e4ngig von einem Versicherungsschutz ein Schaden am Fahrzeug entstehen, hat er unverz\u00fcglich die Verkehrspolizei (Tel. 100) zu benachrichtigen ) und dem Vermieter, die Unfallhilfe zu schicken und bei der R\u00fcckkehr den von der Verkehrspolizei erstellten Verkehrsunfallbericht und die Unfallhilfedokumente vorzulegen, andernfalls wird der Mieter haftbar gemacht und ihm werden alle daf\u00fcr erforderlichen Sch\u00e4den und Tage in Rechnung gestellt das Fahrzeug reparieren, selbst wenn er ein Versicherungspaket akzeptiert h\u00e4tte. Im Falle eines Verschuldens werden dem Mieter 30 % der j\u00e4hrlichen Versicherungspr\u00e4mien (mindestens 100,00 \u20ac) und auf den Gesamtbetrag 30 \u20ac (Verwaltungskosten) zzgl. Mehrwertsteuer in Rechnung gestellt. <\/span><\/p>\n<p class=\"tw-data-text tw-text-large tw-ta\" dir=\"ltr\" data-placeholder=\"\u039c\u03b5\u03c4\u03ac\u03c6\u03c1\u03b1\u03c3\u03b7\" aria-label=\"\u039c\u03b5\u03c4\u03b1\u03c6\u03c1\u03b1\u03c3\u03bc\u03ad\u03bd\u03bf \u03ba\u03b5\u03af\u03bc\u03b5\u03bd\u03bf\" data-ved=\"2ahUKEwiLrp3W5I-HAxWOzAIHHaJdCVcQ3ewLegQIDhAU\"><span class=\"Y2IQFc\" lang=\"de\">Der Mieter kann seine Haftung f\u00fcr etwaige Sch\u00e4den an dem von ihm geleasten Fahrzeug auf einen Betrag von mindestens 750,00 \u20ac zzgl. MwSt. (Vorauszahlung) begrenzen (abh\u00e4ngig von der Kategorie des Fahrzeugs und maximal dem Handelswert). des Fahrzeugs zum Zeitpunkt des Unfalls zzgl. Mehrwertsteuer), wenn er\/sie im Voraus die Klausel zur Haftungsbefreiung (C.D.W.) akzeptiert. Die H\u00f6he der Entsch\u00e4digung wird vom Vermieter je nach Fahrzeugkategorie festgelegt. Ein Versicherungsschutz entf\u00e4llt, auch wenn er vereinbart wurde, in folgenden F\u00e4llen: Teilnahme an Rennen oder Abschleppen von Fahrzeugen, Anh\u00e4ngern und anderen gezogenen Fahrzeugen, Verladung von Sachen \u00fcber das Fassungsverm\u00f6gen des Fahrzeugs hinaus (laut Herstellerangaben), einseitige Zustimmung dazu Haftung des Mieters bei einem Unfall ohne unverz\u00fcgliche Benachrichtigung des Vermieters und Anwesenheit der Verkehrspolizei (Tel. 100) f\u00fcr die Bereitstellung einer Kopie des Unfallberichts, Bedienung des Fahrzeugs durch eine dritte Person (auch wenn er\/sie im Besitz eines F\u00fchrerscheins ist), der nicht im Mietvertrag angegeben ist, unabh\u00e4ngig von seinem\/ihrem Verh\u00e4ltnis zum Mieter, F\u00fchren des Fahrzeugs \u00fcber die vereinbarte Mietdauer hinaus, F\u00fchren des Fahrzeugs durch einen Mieter unter Alkoholeinfluss\/ Drogen\/Unterdr\u00fccker\/Hypnotika, Betrieb des Fahrzeugs unter Versto\u00df gegen die K.O.K. der griechischen Regierung oder in einer Weise, die das Fahrzeug, Passagiere oder Dritte gef\u00e4hrdet, Betrieb des Fahrzeugs auf Stra\u00dfen, die nicht befahrbar (nicht asphaltiert) sind, Betrieb des Fahrzeugs zur Bef\u00f6rderung von Personen\/Gegenst\u00e4nden gegen Geb\u00fchr, Betrieb von des Fahrzeugs f\u00fcr jede illegale\/kriminelle Handlung gem\u00e4\u00df griechischem Recht, Betrieb des Fahrzeugs zum Zweck der Fahrschulung Dritter, Betrieb des Fahrzeugs au\u00dferhalb der Grenzen des griechischen Territoriums ohne schriftliche Zustimmung des Vermieters. Die Zerst\u00f6rung\/der Verlust von Reifen, Felgen bzw. Felgen, der Windschutzscheibe und der Fahrzeugunterseite ist ausdr\u00fccklich von der Befreiung ausgeschlossen, es sei denn, der Mieter hat einen entsprechenden Versicherungsschutz \u00fcbernommen. Teile des Fahrzeugs wie Schl\u00fcssel, Soundsystem, Bildschirme, Navigationsinstrumente, Antennen, Spiegel usw. sowie alle Teile des Fahrzeuginnenraums (z. B. Regal, Schr\u00e4nke, Griffe, Polster) sind ausdr\u00fccklich von einer Ausnahme ausgeschlossen und fallen nicht unter die Ausnahme etwaiger Versicherungsschutz etc.).<\/span><\/p>\n<p id=\"tw-target-text\" class=\"tw-data-text tw-text-large tw-ta\" dir=\"ltr\" data-placeholder=\"\u039c\u03b5\u03c4\u03ac\u03c6\u03c1\u03b1\u03c3\u03b7\" aria-label=\"\u039c\u03b5\u03c4\u03b1\u03c6\u03c1\u03b1\u03c3\u03bc\u03ad\u03bd\u03bf \u03ba\u03b5\u03af\u03bc\u03b5\u03bd\u03bf\" data-ved=\"2ahUKEwiLrp3W5I-HAxWOzAIHHaJdCVcQ3ewLegQIDhAU\"><span class=\"Y2IQFc\" lang=\"de\">Im Falle einer Reparatur\/Schadensbeseitigung ist es dem Mieter nicht gestattet, eine Reparaturwerkstatt zu w\u00e4hlen, mit Ausnahme des offiziellen und autorisierten H\u00e4ndlers in Griechenland des betreffenden Fahrzeugs, einschlie\u00dflich der f\u00fcr die Reparatur des Fahrzeugs erforderlichen Tage auf Kosten des Mieters . Der Mieter ist f\u00fcr die \u00f6rtlichen Steuern und die Mehrwertsteuer auf die Miete verantwortlich. Das Fahrzeug muss sauber und zur Inspektion bereit zur\u00fcckgegeben werden, andernfalls kann es zu Zeitaufwand und einer Geb\u00fchr von 15,00 \u20ac + MwSt. kommen. Wenn eine spezielle Reinigung des Fahrzeugs erforderlich ist (Teer, Tierhaare usw.), f\u00e4llt eine Mindestgeb\u00fchr von 60,00 \u20ac + MwSt. an. Der Vermieter haftet weder zum Zeitpunkt des Mietverh\u00e4ltnisses noch nach dessen Ablauf f\u00fcr im Fahrzeug zur\u00fcckgelassene Gegenst\u00e4nde des Mieters oder der Insassen des Mietfahrzeugs. Lieferungen und Warenannahmen erfolgen kostenlos von Montag bis Samstag von 09:00 bis 20:00 Uhr in den B\u00fcros des Unternehmens. Abholung \u2013 R\u00fcckgabe au\u00dferhalb der \u00d6ffnungszeiten, an Sonn- und Feiertagen gegen Aufpreis. Pannenhilfe wird in ganz Griechenland rund um die Uhr geleistet, mit Ausnahme des Inselstaates, von wo aus der Mieter die R\u00fcckf\u00fchrung \u00fcbernimmt. Die \u00dcberf\u00fchrung des Mietwagens ist nur mit schriftlicher Genehmigung des Vermieters gestattet, andernfalls haftet der Mieter in vollem Umfang f\u00fcr etwaige Sch\u00e4den oder Besch\u00e4digungen, die an Bord auftreten k\u00f6nnen, auch wenn er die C.D.W. akzeptiert hat. Klausel. Fahrten au\u00dferhalb der Grenzen des griechischen Territoriums sind nur mit schriftlicher Genehmigung des Vermieters gestattet. F\u00fcr alle Streitigkeiten sind ausschlie\u00dflich die Gerichte von Thessaloniki zust\u00e4ndig. Der Mieter\/Mieter stimmt der Erhebung und Nutzung personenbezogener Daten bzw. S\u00e4tze personenbezogener Daten durch das Unternehmen mit oder ohne automatisierte Nutzung, wie z. B. Erhebung, Aufzeichnung, Organisation, Strukturierung, Speicherung, Anpassung, Ver\u00e4nderung, Wiederherstellung oder jede andere Form der Entsorgung, zu um ihm\/ihr Dienstleistungen zu erbringen und auf seine\/ihre Anfragen zu antworten, mit ihm\/ihr \u00fcber die angebotenen Dienstleistungen zu kommunizieren, seine\/ihre Fragen zu beantworten und die geltenden gesetzlichen Bestimmungen einzuhalten und durchzusetzen. Der Mieter wurde au\u00dferdem dar\u00fcber informiert, dass er das Recht hat, seine personenbezogenen Daten jederzeit widerrufen\/berichtigen\/aktualisieren zu lassen. Freikilometer ab dem 3. Miettag (maximal 100 km \/ Tag \u2013 maximal 2.500 km \/ Monat), f\u00fcr die zus\u00e4tzlichen Kilometer werden 0,10 \u20ac + MwSt. pro Kilometer berechnet.<\/span><\/p>\n<p id=\"tw-target-text\" class=\"tw-data-text tw-text-large tw-ta\" dir=\"ltr\" data-placeholder=\"\u039c\u03b5\u03c4\u03ac\u03c6\u03c1\u03b1\u03c3\u03b7\" aria-label=\"\u039c\u03b5\u03c4\u03b1\u03c6\u03c1\u03b1\u03c3\u03bc\u03ad\u03bd\u03bf \u03ba\u03b5\u03af\u03bc\u03b5\u03bd\u03bf\" data-ved=\"2ahUKEwiLrp3W5I-HAxWOzAIHHaJdCVcQ3ewLegQIDhAU\"><span class=\"Y2IQFc\" lang=\"de\">\u00a0<\/span><\/p>\n<\/div>\n<pre id=\"tw-target-rmn\" class=\"tw-data-placeholder tw-text-small tw-ta\" dir=\"ltr\" data-placeholder=\"\"><\/pre>\n<div class=\"dlJLJe\">\n<div data-cviv=\"false\" data-ved=\"2ahUKEwiLrp3W5I-HAxWOzAIHHaJdCVcQz_AEegQIDhAV\">\n<div class=\"U9URNb\"><img decoding=\"async\" id=\"dimg_3\" class=\"YQ4gaf zr758c wA1Bge\" src=\"data:image\/png;base64,iVBORw0KGgoAAAANSUhEUgAAABQAAAAUCAQAAAAngNWGAAABDUlEQVR4AYXRgUZDYRjH4TegFTKgpEqiFJgoWAoMEQGBgBboChaaAKxLKAhAhQqAdAmpBIQolkCFqp2nITvNKXuA7+\/Hhzey5OWjE4Nq3rzY1f9\/NGHPB549492+8Ww060iCS2XdctZdI3GsECmb+HJoIX6x6EgDm+lURTH+YB7V9nAqE5WNme4YKuOiY6iMe6PaQxUUIuTbswgFVNJwA8sO3Bn6yR6bWZMSNtJwDtuWfHpQxaPx9C9zadil7jrCigbq6UXceNIVKTWUIqypm2ytJdTiNyNeXclF6GttOVfeDEc7qzjR23r3OMFqZKng1kw0mXGLrfibHTScOZWgGv9TdC6ROFeMTgwYiIxvJzMRWQbeGZUAAAAASUVORK5CYII=\" alt=\"\u0395\u03b9\u03ba\u03bf\u03bd\u03af\u03b4\u03b9\u03bf \u0395\u03c0\u03b1\u03bb\u03b7\u03b8\u03b5\u03cd\u03c4\u03b7\u03ba\u03b5 \u03b1\u03c0\u03cc \u03c4\u03b7\u03bd \u03ba\u03bf\u03b9\u03bd\u03cc\u03c4\u03b7\u03c4\u03b1\" width=\"16\" height=\"16\" data-csiid=\"rteHZoufEo6Zi-gPoruluAU_5\" data-atf=\"0\" \/><\/div>\n<\/div>\n<\/div>\n<div id=\"tw-tmenu\" class=\"tw-menu\"><span id=\"tw-cpy-btn\" class=\"tw-menu-btn\" tabindex=\"0\" title=\"\u0391\u03bd\u03c4\u03b9\u03b3\u03c1\u03b1\u03c6\u03ae\" role=\"button\" data-action-target=\"target\" aria-label=\"\u0391\u03bd\u03c4\u03b9\u03b3\u03c1\u03b1\u03c6\u03ae \u03ba\u03b5\u03b9\u03bc\u03ad\u03bd\u03bf\u03c5\" data-ved=\"2ahUKEwiLrp3W5I-HAxWOzAIHHaJdCVcQ69UBegQIDhAY\"><\/span><span id=\"tw-spkr-button\" class=\"tw-menu-btn za3ale\" tabindex=\"0\" role=\"button\" data-action-target=\"target\" data-sttse=\"true\" aria-label=\"\u0391\u03ba\u03c1\u03cc\u03b1\u03c3\u03b7 \u03bc\u03b5\u03c4\u03ac\u03c6\u03c1\u03b1\u03c3\u03b7\u03c2\" data-ved=\"2ahUKEwiLrp3W5I-HAxWOzAIHHaJdCVcQ8DR6BAgOEBo\"><\/span><\/p>\n<div class=\"U4KnXc QlcHMc\" data-cgi-param=\"tob_sbp\" data-direction=\"1\" data-fp-cid=\"\" data-id=\"translate_search_button\" data-spor=\"false\" data-ved=\"2ahUKEwiLrp3W5I-HAxWOzAIHHaJdCVcQj4QJegQIDhAb\"><\/div>\n<\/div>\n<\/div>\n<\/div>\n<\/div>\n<\/div>\n<div><\/div>\n<\/div>\n<\/div>\n<\/div>\n<p class=\"KFFQ0c xKf9F\">\n","protected":false},"excerpt":{"rendered":"<p>ALLGEMEINE GESCH\u00c4FTSBEDINGUNGEN Die Mindestmietdauer betr\u00e4gt 1 Tag, berechnet nach einem 24-Stunden-System (R\u00fcckgabezeit entspricht der Lieferzeit am Abreisetag). Die Miete wird im Voraus bezahlt und die Autogarantie. Der Mieter ist verpflichtet, das gemietete Fahrzeug zu dem im Mietvertrag angegebenen Datum, Uhrzeit (max. +30 Minuten) und Ort an einen Vertreter des Unternehmens zur\u00fcckzugeben. Jede \u00c4nderung (Erweiterung oder [&hellip;]<\/p>\n","protected":false},"author":1,"featured_media":0,"parent":0,"menu_order":0,"comment_status":"closed","ping_status":"closed","template":"","meta":{"footnotes":""},"class_list":["post-2233","page","type-page","status-publish","hentry"],"blocksy_meta":[],"yoast_head":"<!-- This site is optimized with the Yoast SEO plugin v27.2 - https:\/\/yoast.com\/product\/yoast-seo-wordpress\/ -->\n<title>Terms &amp; Bedingugen - \u0395\u03bd\u03bf\u03b9\u03ba\u03b9\u03ac\u03c3\u03b5\u03b9\u03c2 \u03a6\u03bf\u03c1\u03c4\u03b7\u03b3\u03ce\u03bd \u0392\u03b1\u03bd | Van Rental Thessaloniki<\/title>\n<meta name=\"robots\" content=\"index, follow, max-snippet:-1, max-image-preview:large, max-video-preview:-1\" \/>\n<link rel=\"canonical\" href=\"https:\/\/vanrentalthessaloniki.gr\/de\/terms-bedingugen\/\" \/>\n<meta property=\"og:locale\" content=\"de_DE\" \/>\n<meta property=\"og:type\" content=\"article\" \/>\n<meta property=\"og:title\" content=\"Terms &amp; Bedingugen - \u0395\u03bd\u03bf\u03b9\u03ba\u03b9\u03ac\u03c3\u03b5\u03b9\u03c2 \u03a6\u03bf\u03c1\u03c4\u03b7\u03b3\u03ce\u03bd \u0392\u03b1\u03bd | Van Rental Thessaloniki\" \/>\n<meta property=\"og:description\" content=\"ALLGEMEINE GESCH\u00c4FTSBEDINGUNGEN Die Mindestmietdauer betr\u00e4gt 1 Tag, berechnet nach einem 24-Stunden-System (R\u00fcckgabezeit entspricht der Lieferzeit am Abreisetag). Die Miete wird im Voraus bezahlt und die Autogarantie. Der Mieter ist verpflichtet, das gemietete Fahrzeug zu dem im Mietvertrag angegebenen Datum, Uhrzeit (max. +30 Minuten) und Ort an einen Vertreter des Unternehmens zur\u00fcckzugeben. Jede \u00c4nderung (Erweiterung oder [&hellip;]\" \/>\n<meta property=\"og:url\" content=\"https:\/\/vanrentalthessaloniki.gr\/de\/terms-bedingugen\/\" \/>\n<meta property=\"og:site_name\" content=\"\u0395\u03bd\u03bf\u03b9\u03ba\u03b9\u03ac\u03c3\u03b5\u03b9\u03c2 \u03a6\u03bf\u03c1\u03c4\u03b7\u03b3\u03ce\u03bd \u0392\u03b1\u03bd | Van Rental Thessaloniki\" \/>\n<meta property=\"article:modified_time\" content=\"2024-07-07T10:56:44+00:00\" \/>\n<meta name=\"twitter:card\" content=\"summary_large_image\" \/>\n<meta name=\"twitter:label1\" content=\"Gesch\u00e4tzte Lesezeit\" \/>\n\t<meta name=\"twitter:data1\" content=\"6\u00a0Minuten\" \/>\n<script type=\"application\/ld+json\" class=\"yoast-schema-graph\">{\"@context\":\"https:\/\/schema.org\",\"@graph\":[{\"@type\":\"WebPage\",\"@id\":\"https:\/\/vanrentalthessaloniki.gr\/de\/terms-bedingugen\/\",\"url\":\"https:\/\/vanrentalthessaloniki.gr\/de\/terms-bedingugen\/\",\"name\":\"Terms &amp; Bedingugen - \u0395\u03bd\u03bf\u03b9\u03ba\u03b9\u03ac\u03c3\u03b5\u03b9\u03c2 \u03a6\u03bf\u03c1\u03c4\u03b7\u03b3\u03ce\u03bd \u0392\u03b1\u03bd | Van Rental Thessaloniki\",\"isPartOf\":{\"@id\":\"https:\/\/vanrentalthessaloniki.gr\/de\/#website\"},\"datePublished\":\"2024-07-05T11:27:03+00:00\",\"dateModified\":\"2024-07-07T10:56:44+00:00\",\"breadcrumb\":{\"@id\":\"https:\/\/vanrentalthessaloniki.gr\/de\/terms-bedingugen\/#breadcrumb\"},\"inLanguage\":\"de\",\"potentialAction\":[{\"@type\":\"ReadAction\",\"target\":[\"https:\/\/vanrentalthessaloniki.gr\/de\/terms-bedingugen\/\"]}]},{\"@type\":\"BreadcrumbList\",\"@id\":\"https:\/\/vanrentalthessaloniki.gr\/de\/terms-bedingugen\/#breadcrumb\",\"itemListElement\":[{\"@type\":\"ListItem\",\"position\":1,\"name\":\"\u0391\u03c1\u03c7\u03b9\u03ba\u03ae\",\"item\":\"https:\/\/vanrentalthessaloniki.gr\/de\/\"},{\"@type\":\"ListItem\",\"position\":2,\"name\":\"Terms &amp; Bedingugen\"}]},{\"@type\":\"WebSite\",\"@id\":\"https:\/\/vanrentalthessaloniki.gr\/de\/#website\",\"url\":\"https:\/\/vanrentalthessaloniki.gr\/de\/\",\"name\":\"\u0395\u03bd\u03bf\u03b9\u03ba\u03b9\u03ac\u03c3\u03b5\u03b9\u03c2 \u03a6\u03bf\u03c1\u03c4\u03b7\u03b3\u03ce\u03bd \u0392\u03b1\u03bd | Van Rental Thessaloniki\",\"description\":\"\u0395\u03bd\u03bf\u03b9\u03ba\u03b9\u03ac\u03c3\u03b5\u03b9\u03c2 \u03a6\u03bf\u03c1\u03c4\u03b7\u03b3\u03ce\u03bd \u0392\u03b1\u03bd, \u03a8\u03c5\u03b3\u03b5\u03af\u03c9\u03bd \u03ba\u03b1\u03b9 \u03b1\u03bd\u03bf\u03b9\u03c7\u03c4\u03ad\u03c2 \u03ba\u03b1\u03c1\u03cc\u03c4\u03c3\u03b5\u03c2\",\"publisher\":{\"@id\":\"https:\/\/vanrentalthessaloniki.gr\/de\/#organization\"},\"potentialAction\":[{\"@type\":\"SearchAction\",\"target\":{\"@type\":\"EntryPoint\",\"urlTemplate\":\"https:\/\/vanrentalthessaloniki.gr\/de\/?s={search_term_string}\"},\"query-input\":{\"@type\":\"PropertyValueSpecification\",\"valueRequired\":true,\"valueName\":\"search_term_string\"}}],\"inLanguage\":\"de\"},{\"@type\":\"Organization\",\"@id\":\"https:\/\/vanrentalthessaloniki.gr\/de\/#organization\",\"name\":\"\u0395\u03bd\u03bf\u03b9\u03ba\u03b9\u03ac\u03c3\u03b5\u03b9\u03c2 \u03a6\u03bf\u03c1\u03c4\u03b7\u03b3\u03ce\u03bd \u0392\u03b1\u03bd | Van Rental Thessaloniki\",\"url\":\"https:\/\/vanrentalthessaloniki.gr\/de\/\",\"logo\":{\"@type\":\"ImageObject\",\"inLanguage\":\"de\",\"@id\":\"https:\/\/vanrentalthessaloniki.gr\/de\/#\/schema\/logo\/image\/\",\"url\":\"https:\/\/vanrentalthessaloniki.gr\/wp-content\/uploads\/2024\/02\/Logo-VanRentalThessaloniki-Skg-1.png\",\"contentUrl\":\"https:\/\/vanrentalthessaloniki.gr\/wp-content\/uploads\/2024\/02\/Logo-VanRentalThessaloniki-Skg-1.png\",\"width\":964,\"height\":259,\"caption\":\"\u0395\u03bd\u03bf\u03b9\u03ba\u03b9\u03ac\u03c3\u03b5\u03b9\u03c2 \u03a6\u03bf\u03c1\u03c4\u03b7\u03b3\u03ce\u03bd \u0392\u03b1\u03bd | Van Rental Thessaloniki\"},\"image\":{\"@id\":\"https:\/\/vanrentalthessaloniki.gr\/de\/#\/schema\/logo\/image\/\"}}]}<\/script>\n<!-- \/ Yoast SEO plugin. -->","yoast_head_json":{"title":"Terms &amp; Bedingugen - \u0395\u03bd\u03bf\u03b9\u03ba\u03b9\u03ac\u03c3\u03b5\u03b9\u03c2 \u03a6\u03bf\u03c1\u03c4\u03b7\u03b3\u03ce\u03bd \u0392\u03b1\u03bd | Van Rental Thessaloniki","robots":{"index":"index","follow":"follow","max-snippet":"max-snippet:-1","max-image-preview":"max-image-preview:large","max-video-preview":"max-video-preview:-1"},"canonical":"https:\/\/vanrentalthessaloniki.gr\/de\/terms-bedingugen\/","og_locale":"de_DE","og_type":"article","og_title":"Terms &amp; Bedingugen - \u0395\u03bd\u03bf\u03b9\u03ba\u03b9\u03ac\u03c3\u03b5\u03b9\u03c2 \u03a6\u03bf\u03c1\u03c4\u03b7\u03b3\u03ce\u03bd \u0392\u03b1\u03bd | Van Rental Thessaloniki","og_description":"ALLGEMEINE GESCH\u00c4FTSBEDINGUNGEN Die Mindestmietdauer betr\u00e4gt 1 Tag, berechnet nach einem 24-Stunden-System (R\u00fcckgabezeit entspricht der Lieferzeit am Abreisetag). Die Miete wird im Voraus bezahlt und die Autogarantie. Der Mieter ist verpflichtet, das gemietete Fahrzeug zu dem im Mietvertrag angegebenen Datum, Uhrzeit (max. +30 Minuten) und Ort an einen Vertreter des Unternehmens zur\u00fcckzugeben. Jede \u00c4nderung (Erweiterung oder [&hellip;]","og_url":"https:\/\/vanrentalthessaloniki.gr\/de\/terms-bedingugen\/","og_site_name":"\u0395\u03bd\u03bf\u03b9\u03ba\u03b9\u03ac\u03c3\u03b5\u03b9\u03c2 \u03a6\u03bf\u03c1\u03c4\u03b7\u03b3\u03ce\u03bd \u0392\u03b1\u03bd | Van Rental Thessaloniki","article_modified_time":"2024-07-07T10:56:44+00:00","twitter_card":"summary_large_image","twitter_misc":{"Gesch\u00e4tzte Lesezeit":"6\u00a0Minuten"},"schema":{"@context":"https:\/\/schema.org","@graph":[{"@type":"WebPage","@id":"https:\/\/vanrentalthessaloniki.gr\/de\/terms-bedingugen\/","url":"https:\/\/vanrentalthessaloniki.gr\/de\/terms-bedingugen\/","name":"Terms &amp; Bedingugen - \u0395\u03bd\u03bf\u03b9\u03ba\u03b9\u03ac\u03c3\u03b5\u03b9\u03c2 \u03a6\u03bf\u03c1\u03c4\u03b7\u03b3\u03ce\u03bd \u0392\u03b1\u03bd | Van Rental Thessaloniki","isPartOf":{"@id":"https:\/\/vanrentalthessaloniki.gr\/de\/#website"},"datePublished":"2024-07-05T11:27:03+00:00","dateModified":"2024-07-07T10:56:44+00:00","breadcrumb":{"@id":"https:\/\/vanrentalthessaloniki.gr\/de\/terms-bedingugen\/#breadcrumb"},"inLanguage":"de","potentialAction":[{"@type":"ReadAction","target":["https:\/\/vanrentalthessaloniki.gr\/de\/terms-bedingugen\/"]}]},{"@type":"BreadcrumbList","@id":"https:\/\/vanrentalthessaloniki.gr\/de\/terms-bedingugen\/#breadcrumb","itemListElement":[{"@type":"ListItem","position":1,"name":"\u0391\u03c1\u03c7\u03b9\u03ba\u03ae","item":"https:\/\/vanrentalthessaloniki.gr\/de\/"},{"@type":"ListItem","position":2,"name":"Terms &amp; Bedingugen"}]},{"@type":"WebSite","@id":"https:\/\/vanrentalthessaloniki.gr\/de\/#website","url":"https:\/\/vanrentalthessaloniki.gr\/de\/","name":"\u0395\u03bd\u03bf\u03b9\u03ba\u03b9\u03ac\u03c3\u03b5\u03b9\u03c2 \u03a6\u03bf\u03c1\u03c4\u03b7\u03b3\u03ce\u03bd \u0392\u03b1\u03bd | Van Rental Thessaloniki","description":"\u0395\u03bd\u03bf\u03b9\u03ba\u03b9\u03ac\u03c3\u03b5\u03b9\u03c2 \u03a6\u03bf\u03c1\u03c4\u03b7\u03b3\u03ce\u03bd \u0392\u03b1\u03bd, \u03a8\u03c5\u03b3\u03b5\u03af\u03c9\u03bd \u03ba\u03b1\u03b9 \u03b1\u03bd\u03bf\u03b9\u03c7\u03c4\u03ad\u03c2 \u03ba\u03b1\u03c1\u03cc\u03c4\u03c3\u03b5\u03c2","publisher":{"@id":"https:\/\/vanrentalthessaloniki.gr\/de\/#organization"},"potentialAction":[{"@type":"SearchAction","target":{"@type":"EntryPoint","urlTemplate":"https:\/\/vanrentalthessaloniki.gr\/de\/?s={search_term_string}"},"query-input":{"@type":"PropertyValueSpecification","valueRequired":true,"valueName":"search_term_string"}}],"inLanguage":"de"},{"@type":"Organization","@id":"https:\/\/vanrentalthessaloniki.gr\/de\/#organization","name":"\u0395\u03bd\u03bf\u03b9\u03ba\u03b9\u03ac\u03c3\u03b5\u03b9\u03c2 \u03a6\u03bf\u03c1\u03c4\u03b7\u03b3\u03ce\u03bd \u0392\u03b1\u03bd | Van Rental Thessaloniki","url":"https:\/\/vanrentalthessaloniki.gr\/de\/","logo":{"@type":"ImageObject","inLanguage":"de","@id":"https:\/\/vanrentalthessaloniki.gr\/de\/#\/schema\/logo\/image\/","url":"https:\/\/vanrentalthessaloniki.gr\/wp-content\/uploads\/2024\/02\/Logo-VanRentalThessaloniki-Skg-1.png","contentUrl":"https:\/\/vanrentalthessaloniki.gr\/wp-content\/uploads\/2024\/02\/Logo-VanRentalThessaloniki-Skg-1.png","width":964,"height":259,"caption":"\u0395\u03bd\u03bf\u03b9\u03ba\u03b9\u03ac\u03c3\u03b5\u03b9\u03c2 \u03a6\u03bf\u03c1\u03c4\u03b7\u03b3\u03ce\u03bd \u0392\u03b1\u03bd | Van Rental Thessaloniki"},"image":{"@id":"https:\/\/vanrentalthessaloniki.gr\/de\/#\/schema\/logo\/image\/"}}]}},"_links":{"self":[{"href":"https:\/\/vanrentalthessaloniki.gr\/de\/wp-json\/wp\/v2\/pages\/2233","targetHints":{"allow":["GET"]}}],"collection":[{"href":"https:\/\/vanrentalthessaloniki.gr\/de\/wp-json\/wp\/v2\/pages"}],"about":[{"href":"https:\/\/vanrentalthessaloniki.gr\/de\/wp-json\/wp\/v2\/types\/page"}],"author":[{"embeddable":true,"href":"https:\/\/vanrentalthessaloniki.gr\/de\/wp-json\/wp\/v2\/users\/1"}],"replies":[{"embeddable":true,"href":"https:\/\/vanrentalthessaloniki.gr\/de\/wp-json\/wp\/v2\/comments?post=2233"}],"version-history":[{"count":0,"href":"https:\/\/vanrentalthessaloniki.gr\/de\/wp-json\/wp\/v2\/pages\/2233\/revisions"}],"wp:attachment":[{"href":"https:\/\/vanrentalthessaloniki.gr\/de\/wp-json\/wp\/v2\/media?parent=2233"}],"curies":[{"name":"wp","href":"https:\/\/api.w.org\/{rel}","templated":true}]}}