{"id":1681,"date":"2024-02-07T00:03:00","date_gmt":"2024-02-06T22:03:00","guid":{"rendered":"https:\/\/vanrentalthessaloniki.gr\/news-blog\/"},"modified":"2024-02-29T18:48:32","modified_gmt":"2024-02-29T16:48:32","slug":"news-blog","status":"publish","type":"page","link":"https:\/\/vanrentalthessaloniki.gr\/de\/news-blog\/","title":{"rendered":"News | Blog"},"content":{"rendered":"\t\t<div data-elementor-type=\"wp-page\" data-elementor-id=\"1681\" class=\"elementor elementor-1681 elementor-803\">\n\t\t\t\t<div class=\"elementor-element elementor-element-b7a2b88 e-flex e-con-boxed e-con e-parent\" data-id=\"b7a2b88\" data-element_type=\"container\" data-e-type=\"container\" data-settings=\"{&quot;background_background&quot;:&quot;gradient&quot;,&quot;shape_divider_bottom&quot;:&quot;opacity-tilt&quot;}\">\n\t\t\t\t\t<div class=\"e-con-inner\">\n\t\t\t\t<div class=\"elementor-shape elementor-shape-bottom\" aria-hidden=\"true\" data-negative=\"false\">\n\t\t\t<svg xmlns=\"http:\/\/www.w3.org\/2000\/svg\" viewBox=\"0 0 2600 131.1\" preserveAspectRatio=\"none\">\n\t<path class=\"elementor-shape-fill\" d=\"M0 0L2600 0 2600 69.1 0 0z\"\/>\n\t<path class=\"elementor-shape-fill\" style=\"opacity:0.5\" d=\"M0 0L2600 0 2600 69.1 0 69.1z\"\/>\n\t<path class=\"elementor-shape-fill\" style=\"opacity:0.25\" d=\"M2600 0L0 0 0 130.1 2600 69.1z\"\/>\n<\/svg>\t\t<\/div>\n\t\t\t\t<div class=\"elementor-element elementor-element-c2ae662 elementor-widget elementor-widget-heading\" data-id=\"c2ae662\" data-element_type=\"widget\" data-e-type=\"widget\" data-widget_type=\"heading.default\">\n\t\t\t\t<div class=\"elementor-widget-container\">\n\t\t\t\t\t<h2 class=\"elementor-heading-title elementor-size-default\">News | Blog<\/h2>\t\t\t\t<\/div>\n\t\t\t\t<\/div>\n\t\t\t\t\t<\/div>\n\t\t\t\t<\/div>\n\t\t<div data-pa-eq-height=\"{&quot;targetType&quot;:&quot;widget&quot;,&quot;target&quot;:&quot;&quot;,&quot;trigger&quot;:&quot;load&quot;,&quot;enableOn&quot;:[&quot;desktop&quot;,&quot;tablet&quot;,&quot;mobile&quot;]}\" class=\"elementor-element elementor-element-1b04d87 premium-equal-height-yes e-flex e-con-boxed e-con e-parent\" data-id=\"1b04d87\" data-element_type=\"container\" data-e-type=\"container\" data-settings=\"{&quot;premium_eq_height_switcher&quot;:&quot;yes&quot;,&quot;animation&quot;:&quot;none&quot;}\">\n\t\t\t\t\t<div class=\"e-con-inner\">\n\t\t\t\t<div class=\"elementor-element elementor-element-f76bf47 premium-blog-align-left elementor-widget elementor-widget-premium-addon-blog\" data-id=\"f76bf47\" data-element_type=\"widget\" data-e-type=\"widget\" data-settings=\"{&quot;premium_blog_columns_number&quot;:&quot;33.33%&quot;,&quot;premium_blog_grid&quot;:&quot;yes&quot;,&quot;premium_blog_layout&quot;:&quot;even&quot;,&quot;premium_blog_columns_number_tablet&quot;:&quot;50%&quot;,&quot;premium_blog_columns_number_mobile&quot;:&quot;100%&quot;,&quot;scroll_to_offset&quot;:&quot;yes&quot;}\" data-widget_type=\"premium-addon-blog.default\">\n\t\t\t\t<div class=\"elementor-widget-container\">\n\t\t\t\t\t\t\t<div class=\"premium-error-notice\">\n\t\t\tDie aktuelle Abfrage enth\u00e4lt keine Beitr\u00e4ge. Bitte stellen Sie sicher, dass Sie Elemente ver\u00f6ffentlicht haben, die Ihrer Abfrage entsprechen.\t\t<\/div>\n\t\t\t\t\t\t<\/div>\n\t\t\t\t<\/div>\n\t\t\t\t\t<\/div>\n\t\t\t\t<\/div>\n\t\t<div class=\"elementor-element elementor-element-06de02b e-flex e-con-boxed e-con e-parent\" data-id=\"06de02b\" data-element_type=\"container\" data-e-type=\"container\">\n\t\t\t\t\t<div class=\"e-con-inner\">\n\t\t\t\t\t<\/div>\n\t\t\t\t<\/div>\n\t\t\t\t<\/div>\n\t\t","protected":false},"excerpt":{"rendered":"<p>News | Blog \u0395\u03bd\u03bf\u03b9\u03ba\u03af\u03b1\u03c3\u03b7 \u03c6\u03bf\u03c1\u03c4\u03b7\u03b3\u03cc \u03bc\u03b5 \u03b1\u03bd\u03b1\u03c4\u03c1\u03b5\u03c0\u03cc\u03bc\u03b5\u03bd\u03b7 \u03ba\u03b1\u03c1\u03cc\u03c4\u03c3\u03b1 \u03c3\u03c4\u03b7 \u0398\u03b5\u03c3\u03c3\u03b1\u03bb\u03bf\u03bd\u03af\u03ba\u03b7 \u0395\u03bd\u03bf\u03b9\u03ba\u03af\u03b1\u03c3\u03b7 \u03c6\u03bf\u03c1\u03c4\u03b7\u03b3\u03cc \u03bc\u03b5 \u03b1\u03bd\u03b1\u03c4\u03c1\u03b5\u03c0\u03cc\u03bc\u03b5\u03bd\u03b7 \u03ba\u03b1\u03c1\u03cc\u03c4\u03c3\u03b1 \u03c3\u03c4\u03b7 \u0398\u03b5\u03c3\u03c3\u03b1\u03bb\u03bf\u03bd\u03af\u03ba\u03b7 Van Rental Skg \u2022 23 \u03a6\u03b5\u03b2\u03c1\u03bf\u03c5\u03b1\u03c1\u03af\u03bf\u03c5, 2024 \u2022 \u039c\u03b7 \u03ba\u03b1\u03c4\u03b7\u03b3\u03bf\u03c1\u03b9\u03bf\u03c0\u03bf\u03b9\u03b7\u03bc\u03ad\u03bd\u03bf, \u03a6\u03bf\u03c1\u03c4\u03b7\u03b3\u03cc | \u0391\u03bd\u03b1\u03c4\u03c1\u03b5\u03c0\u03cc\u03bc\u03b5\u03bd\u03b7 \u039a\u03b1\u03c1\u03cc\u03c4\u03c3\u03b1 \u03a4\u03bf Ford Transit, \u03bc\u03b5 \u03c4\u03b7 \u03bc\u03b5\u03b3\u03ac\u03bb\u03b7 \u03c4\u03bf\u03c5 \u03ba\u03b1\u03c1\u03cc\u03c4\u03c3\u03b1, \u03b5\u03af\u03bd\u03b1\u03b9 \u03bf \u03b9\u03b4\u03b1\u03bd\u03b9\u03ba\u03cc\u03c2 \u03c3\u03c5\u03bd\u03b5\u03c1\u03b3\u03ac\u03c4\u03b7\u03c2 \u03b3\u03b9\u03b1 \u03b5\u03ba\u03b5\u03af\u03bd\u03bf\u03bd \u03c0\u03bf\u03c5 \u03b8\u03ad\u03bb\u03b5\u03b9 \u03bd\u03b1 \u03bc\u03b5\u03c4\u03b1\u03c6\u03ad\u03c1\u03b5\u03b9 \u03ba\u03b1\u03c4\u03ac \u03ba\u03cd\u03c1\u03b9\u03bf \u03bb\u03cc\u03b3\u03bf \u03bf\u03b9\u03ba\u03bf\u03b4\u03bf\u03bc\u03b9\u03ba\u03ac \u03c5\u03bb\u03b9\u03ba\u03ac. Weiterlesen [&hellip;]<\/p>\n","protected":false},"author":1,"featured_media":0,"parent":0,"menu_order":0,"comment_status":"closed","ping_status":"closed","template":"elementor_header_footer","meta":{"footnotes":""},"class_list":["post-1681","page","type-page","status-publish","hentry"],"blocksy_meta":[],"yoast_head":"<!-- This site is optimized with the Yoast SEO plugin v27.2 - https:\/\/yoast.com\/product\/yoast-seo-wordpress\/ -->\n<title>News | Blog - \u0395\u03bd\u03bf\u03b9\u03ba\u03b9\u03ac\u03c3\u03b5\u03b9\u03c2 \u03a6\u03bf\u03c1\u03c4\u03b7\u03b3\u03ce\u03bd \u0392\u03b1\u03bd | Van Rental Thessaloniki<\/title>\n<meta name=\"robots\" content=\"index, follow, max-snippet:-1, max-image-preview:large, max-video-preview:-1\" \/>\n<link rel=\"canonical\" href=\"https:\/\/vanrentalthessaloniki.gr\/de\/news-blog\/\" \/>\n<meta property=\"og:locale\" content=\"de_DE\" \/>\n<meta property=\"og:type\" content=\"article\" \/>\n<meta property=\"og:title\" content=\"News | Blog - \u0395\u03bd\u03bf\u03b9\u03ba\u03b9\u03ac\u03c3\u03b5\u03b9\u03c2 \u03a6\u03bf\u03c1\u03c4\u03b7\u03b3\u03ce\u03bd \u0392\u03b1\u03bd | Van Rental Thessaloniki\" \/>\n<meta property=\"og:description\" content=\"News | Blog \u0395\u03bd\u03bf\u03b9\u03ba\u03af\u03b1\u03c3\u03b7 \u03c6\u03bf\u03c1\u03c4\u03b7\u03b3\u03cc \u03bc\u03b5 \u03b1\u03bd\u03b1\u03c4\u03c1\u03b5\u03c0\u03cc\u03bc\u03b5\u03bd\u03b7 \u03ba\u03b1\u03c1\u03cc\u03c4\u03c3\u03b1 \u03c3\u03c4\u03b7 \u0398\u03b5\u03c3\u03c3\u03b1\u03bb\u03bf\u03bd\u03af\u03ba\u03b7 \u0395\u03bd\u03bf\u03b9\u03ba\u03af\u03b1\u03c3\u03b7 \u03c6\u03bf\u03c1\u03c4\u03b7\u03b3\u03cc \u03bc\u03b5 \u03b1\u03bd\u03b1\u03c4\u03c1\u03b5\u03c0\u03cc\u03bc\u03b5\u03bd\u03b7 \u03ba\u03b1\u03c1\u03cc\u03c4\u03c3\u03b1 \u03c3\u03c4\u03b7 \u0398\u03b5\u03c3\u03c3\u03b1\u03bb\u03bf\u03bd\u03af\u03ba\u03b7 Van Rental Skg \u2022 23 \u03a6\u03b5\u03b2\u03c1\u03bf\u03c5\u03b1\u03c1\u03af\u03bf\u03c5, 2024 \u2022 \u039c\u03b7 \u03ba\u03b1\u03c4\u03b7\u03b3\u03bf\u03c1\u03b9\u03bf\u03c0\u03bf\u03b9\u03b7\u03bc\u03ad\u03bd\u03bf, \u03a6\u03bf\u03c1\u03c4\u03b7\u03b3\u03cc | \u0391\u03bd\u03b1\u03c4\u03c1\u03b5\u03c0\u03cc\u03bc\u03b5\u03bd\u03b7 \u039a\u03b1\u03c1\u03cc\u03c4\u03c3\u03b1 \u03a4\u03bf Ford Transit, \u03bc\u03b5 \u03c4\u03b7 \u03bc\u03b5\u03b3\u03ac\u03bb\u03b7 \u03c4\u03bf\u03c5 \u03ba\u03b1\u03c1\u03cc\u03c4\u03c3\u03b1, \u03b5\u03af\u03bd\u03b1\u03b9 \u03bf \u03b9\u03b4\u03b1\u03bd\u03b9\u03ba\u03cc\u03c2 \u03c3\u03c5\u03bd\u03b5\u03c1\u03b3\u03ac\u03c4\u03b7\u03c2 \u03b3\u03b9\u03b1 \u03b5\u03ba\u03b5\u03af\u03bd\u03bf\u03bd \u03c0\u03bf\u03c5 \u03b8\u03ad\u03bb\u03b5\u03b9 \u03bd\u03b1 \u03bc\u03b5\u03c4\u03b1\u03c6\u03ad\u03c1\u03b5\u03b9 \u03ba\u03b1\u03c4\u03ac \u03ba\u03cd\u03c1\u03b9\u03bf \u03bb\u03cc\u03b3\u03bf \u03bf\u03b9\u03ba\u03bf\u03b4\u03bf\u03bc\u03b9\u03ba\u03ac \u03c5\u03bb\u03b9\u03ba\u03ac. Weiterlesen [&hellip;]\" \/>\n<meta property=\"og:url\" content=\"https:\/\/vanrentalthessaloniki.gr\/de\/news-blog\/\" \/>\n<meta property=\"og:site_name\" content=\"\u0395\u03bd\u03bf\u03b9\u03ba\u03b9\u03ac\u03c3\u03b5\u03b9\u03c2 \u03a6\u03bf\u03c1\u03c4\u03b7\u03b3\u03ce\u03bd \u0392\u03b1\u03bd | Van Rental Thessaloniki\" \/>\n<meta property=\"article:modified_time\" content=\"2024-02-29T16:48:32+00:00\" \/>\n<meta property=\"og:image\" content=\"https:\/\/vanrentalthessaloniki.gr\/wp-content\/uploads\/2024\/02\/585-removebg-preview-1.png\" \/>\n<meta name=\"twitter:card\" content=\"summary_large_image\" \/>\n<script type=\"application\/ld+json\" class=\"yoast-schema-graph\">{\"@context\":\"https:\/\/schema.org\",\"@graph\":[{\"@type\":\"WebPage\",\"@id\":\"https:\/\/vanrentalthessaloniki.gr\/de\/news-blog\/\",\"url\":\"https:\/\/vanrentalthessaloniki.gr\/de\/news-blog\/\",\"name\":\"News | Blog - \u0395\u03bd\u03bf\u03b9\u03ba\u03b9\u03ac\u03c3\u03b5\u03b9\u03c2 \u03a6\u03bf\u03c1\u03c4\u03b7\u03b3\u03ce\u03bd \u0392\u03b1\u03bd | Van Rental Thessaloniki\",\"isPartOf\":{\"@id\":\"https:\/\/vanrentalthessaloniki.gr\/de\/#website\"},\"primaryImageOfPage\":{\"@id\":\"https:\/\/vanrentalthessaloniki.gr\/de\/news-blog\/#primaryimage\"},\"image\":{\"@id\":\"https:\/\/vanrentalthessaloniki.gr\/de\/news-blog\/#primaryimage\"},\"thumbnailUrl\":\"https:\/\/vanrentalthessaloniki.gr\/wp-content\/uploads\/2024\/02\/585-removebg-preview-1.png\",\"datePublished\":\"2024-02-06T22:03:00+00:00\",\"dateModified\":\"2024-02-29T16:48:32+00:00\",\"breadcrumb\":{\"@id\":\"https:\/\/vanrentalthessaloniki.gr\/de\/news-blog\/#breadcrumb\"},\"inLanguage\":\"de\",\"potentialAction\":[{\"@type\":\"ReadAction\",\"target\":[\"https:\/\/vanrentalthessaloniki.gr\/de\/news-blog\/\"]}]},{\"@type\":\"ImageObject\",\"inLanguage\":\"de\",\"@id\":\"https:\/\/vanrentalthessaloniki.gr\/de\/news-blog\/#primaryimage\",\"url\":\"https:\/\/vanrentalthessaloniki.gr\/wp-content\/uploads\/2024\/02\/585-removebg-preview-1.png\",\"contentUrl\":\"https:\/\/vanrentalthessaloniki.gr\/wp-content\/uploads\/2024\/02\/585-removebg-preview-1.png\"},{\"@type\":\"BreadcrumbList\",\"@id\":\"https:\/\/vanrentalthessaloniki.gr\/de\/news-blog\/#breadcrumb\",\"itemListElement\":[{\"@type\":\"ListItem\",\"position\":1,\"name\":\"\u0391\u03c1\u03c7\u03b9\u03ba\u03ae\",\"item\":\"https:\/\/vanrentalthessaloniki.gr\/de\/\"},{\"@type\":\"ListItem\",\"position\":2,\"name\":\"News | Blog\"}]},{\"@type\":\"WebSite\",\"@id\":\"https:\/\/vanrentalthessaloniki.gr\/de\/#website\",\"url\":\"https:\/\/vanrentalthessaloniki.gr\/de\/\",\"name\":\"\u0395\u03bd\u03bf\u03b9\u03ba\u03b9\u03ac\u03c3\u03b5\u03b9\u03c2 \u03a6\u03bf\u03c1\u03c4\u03b7\u03b3\u03ce\u03bd \u0392\u03b1\u03bd | Van Rental Thessaloniki\",\"description\":\"\u0395\u03bd\u03bf\u03b9\u03ba\u03b9\u03ac\u03c3\u03b5\u03b9\u03c2 \u03a6\u03bf\u03c1\u03c4\u03b7\u03b3\u03ce\u03bd \u0392\u03b1\u03bd, \u03a8\u03c5\u03b3\u03b5\u03af\u03c9\u03bd \u03ba\u03b1\u03b9 \u03b1\u03bd\u03bf\u03b9\u03c7\u03c4\u03ad\u03c2 \u03ba\u03b1\u03c1\u03cc\u03c4\u03c3\u03b5\u03c2\",\"publisher\":{\"@id\":\"https:\/\/vanrentalthessaloniki.gr\/de\/#organization\"},\"potentialAction\":[{\"@type\":\"SearchAction\",\"target\":{\"@type\":\"EntryPoint\",\"urlTemplate\":\"https:\/\/vanrentalthessaloniki.gr\/de\/?s={search_term_string}\"},\"query-input\":{\"@type\":\"PropertyValueSpecification\",\"valueRequired\":true,\"valueName\":\"search_term_string\"}}],\"inLanguage\":\"de\"},{\"@type\":\"Organization\",\"@id\":\"https:\/\/vanrentalthessaloniki.gr\/de\/#organization\",\"name\":\"\u0395\u03bd\u03bf\u03b9\u03ba\u03b9\u03ac\u03c3\u03b5\u03b9\u03c2 \u03a6\u03bf\u03c1\u03c4\u03b7\u03b3\u03ce\u03bd \u0392\u03b1\u03bd | Van Rental Thessaloniki\",\"url\":\"https:\/\/vanrentalthessaloniki.gr\/de\/\",\"logo\":{\"@type\":\"ImageObject\",\"inLanguage\":\"de\",\"@id\":\"https:\/\/vanrentalthessaloniki.gr\/de\/#\/schema\/logo\/image\/\",\"url\":\"https:\/\/vanrentalthessaloniki.gr\/wp-content\/uploads\/2024\/02\/Logo-VanRentalThessaloniki-Skg-1.png\",\"contentUrl\":\"https:\/\/vanrentalthessaloniki.gr\/wp-content\/uploads\/2024\/02\/Logo-VanRentalThessaloniki-Skg-1.png\",\"width\":964,\"height\":259,\"caption\":\"\u0395\u03bd\u03bf\u03b9\u03ba\u03b9\u03ac\u03c3\u03b5\u03b9\u03c2 \u03a6\u03bf\u03c1\u03c4\u03b7\u03b3\u03ce\u03bd \u0392\u03b1\u03bd | Van Rental Thessaloniki\"},\"image\":{\"@id\":\"https:\/\/vanrentalthessaloniki.gr\/de\/#\/schema\/logo\/image\/\"}}]}<\/script>\n<!-- \/ Yoast SEO plugin. -->","yoast_head_json":{"title":"News | Blog - \u0395\u03bd\u03bf\u03b9\u03ba\u03b9\u03ac\u03c3\u03b5\u03b9\u03c2 \u03a6\u03bf\u03c1\u03c4\u03b7\u03b3\u03ce\u03bd \u0392\u03b1\u03bd | Van Rental Thessaloniki","robots":{"index":"index","follow":"follow","max-snippet":"max-snippet:-1","max-image-preview":"max-image-preview:large","max-video-preview":"max-video-preview:-1"},"canonical":"https:\/\/vanrentalthessaloniki.gr\/de\/news-blog\/","og_locale":"de_DE","og_type":"article","og_title":"News | Blog - \u0395\u03bd\u03bf\u03b9\u03ba\u03b9\u03ac\u03c3\u03b5\u03b9\u03c2 \u03a6\u03bf\u03c1\u03c4\u03b7\u03b3\u03ce\u03bd \u0392\u03b1\u03bd | Van Rental Thessaloniki","og_description":"News | Blog \u0395\u03bd\u03bf\u03b9\u03ba\u03af\u03b1\u03c3\u03b7 \u03c6\u03bf\u03c1\u03c4\u03b7\u03b3\u03cc \u03bc\u03b5 \u03b1\u03bd\u03b1\u03c4\u03c1\u03b5\u03c0\u03cc\u03bc\u03b5\u03bd\u03b7 \u03ba\u03b1\u03c1\u03cc\u03c4\u03c3\u03b1 \u03c3\u03c4\u03b7 \u0398\u03b5\u03c3\u03c3\u03b1\u03bb\u03bf\u03bd\u03af\u03ba\u03b7 \u0395\u03bd\u03bf\u03b9\u03ba\u03af\u03b1\u03c3\u03b7 \u03c6\u03bf\u03c1\u03c4\u03b7\u03b3\u03cc \u03bc\u03b5 \u03b1\u03bd\u03b1\u03c4\u03c1\u03b5\u03c0\u03cc\u03bc\u03b5\u03bd\u03b7 \u03ba\u03b1\u03c1\u03cc\u03c4\u03c3\u03b1 \u03c3\u03c4\u03b7 \u0398\u03b5\u03c3\u03c3\u03b1\u03bb\u03bf\u03bd\u03af\u03ba\u03b7 Van Rental Skg \u2022 23 \u03a6\u03b5\u03b2\u03c1\u03bf\u03c5\u03b1\u03c1\u03af\u03bf\u03c5, 2024 \u2022 \u039c\u03b7 \u03ba\u03b1\u03c4\u03b7\u03b3\u03bf\u03c1\u03b9\u03bf\u03c0\u03bf\u03b9\u03b7\u03bc\u03ad\u03bd\u03bf, \u03a6\u03bf\u03c1\u03c4\u03b7\u03b3\u03cc | \u0391\u03bd\u03b1\u03c4\u03c1\u03b5\u03c0\u03cc\u03bc\u03b5\u03bd\u03b7 \u039a\u03b1\u03c1\u03cc\u03c4\u03c3\u03b1 \u03a4\u03bf Ford Transit, \u03bc\u03b5 \u03c4\u03b7 \u03bc\u03b5\u03b3\u03ac\u03bb\u03b7 \u03c4\u03bf\u03c5 \u03ba\u03b1\u03c1\u03cc\u03c4\u03c3\u03b1, \u03b5\u03af\u03bd\u03b1\u03b9 \u03bf \u03b9\u03b4\u03b1\u03bd\u03b9\u03ba\u03cc\u03c2 \u03c3\u03c5\u03bd\u03b5\u03c1\u03b3\u03ac\u03c4\u03b7\u03c2 \u03b3\u03b9\u03b1 \u03b5\u03ba\u03b5\u03af\u03bd\u03bf\u03bd \u03c0\u03bf\u03c5 \u03b8\u03ad\u03bb\u03b5\u03b9 \u03bd\u03b1 \u03bc\u03b5\u03c4\u03b1\u03c6\u03ad\u03c1\u03b5\u03b9 \u03ba\u03b1\u03c4\u03ac \u03ba\u03cd\u03c1\u03b9\u03bf \u03bb\u03cc\u03b3\u03bf \u03bf\u03b9\u03ba\u03bf\u03b4\u03bf\u03bc\u03b9\u03ba\u03ac \u03c5\u03bb\u03b9\u03ba\u03ac. Weiterlesen [&hellip;]","og_url":"https:\/\/vanrentalthessaloniki.gr\/de\/news-blog\/","og_site_name":"\u0395\u03bd\u03bf\u03b9\u03ba\u03b9\u03ac\u03c3\u03b5\u03b9\u03c2 \u03a6\u03bf\u03c1\u03c4\u03b7\u03b3\u03ce\u03bd \u0392\u03b1\u03bd | Van Rental Thessaloniki","article_modified_time":"2024-02-29T16:48:32+00:00","og_image":[{"url":"https:\/\/vanrentalthessaloniki.gr\/wp-content\/uploads\/2024\/02\/585-removebg-preview-1.png","type":"","width":"","height":""}],"twitter_card":"summary_large_image","schema":{"@context":"https:\/\/schema.org","@graph":[{"@type":"WebPage","@id":"https:\/\/vanrentalthessaloniki.gr\/de\/news-blog\/","url":"https:\/\/vanrentalthessaloniki.gr\/de\/news-blog\/","name":"News | Blog - \u0395\u03bd\u03bf\u03b9\u03ba\u03b9\u03ac\u03c3\u03b5\u03b9\u03c2 \u03a6\u03bf\u03c1\u03c4\u03b7\u03b3\u03ce\u03bd \u0392\u03b1\u03bd | Van Rental Thessaloniki","isPartOf":{"@id":"https:\/\/vanrentalthessaloniki.gr\/de\/#website"},"primaryImageOfPage":{"@id":"https:\/\/vanrentalthessaloniki.gr\/de\/news-blog\/#primaryimage"},"image":{"@id":"https:\/\/vanrentalthessaloniki.gr\/de\/news-blog\/#primaryimage"},"thumbnailUrl":"https:\/\/vanrentalthessaloniki.gr\/wp-content\/uploads\/2024\/02\/585-removebg-preview-1.png","datePublished":"2024-02-06T22:03:00+00:00","dateModified":"2024-02-29T16:48:32+00:00","breadcrumb":{"@id":"https:\/\/vanrentalthessaloniki.gr\/de\/news-blog\/#breadcrumb"},"inLanguage":"de","potentialAction":[{"@type":"ReadAction","target":["https:\/\/vanrentalthessaloniki.gr\/de\/news-blog\/"]}]},{"@type":"ImageObject","inLanguage":"de","@id":"https:\/\/vanrentalthessaloniki.gr\/de\/news-blog\/#primaryimage","url":"https:\/\/vanrentalthessaloniki.gr\/wp-content\/uploads\/2024\/02\/585-removebg-preview-1.png","contentUrl":"https:\/\/vanrentalthessaloniki.gr\/wp-content\/uploads\/2024\/02\/585-removebg-preview-1.png"},{"@type":"BreadcrumbList","@id":"https:\/\/vanrentalthessaloniki.gr\/de\/news-blog\/#breadcrumb","itemListElement":[{"@type":"ListItem","position":1,"name":"\u0391\u03c1\u03c7\u03b9\u03ba\u03ae","item":"https:\/\/vanrentalthessaloniki.gr\/de\/"},{"@type":"ListItem","position":2,"name":"News | Blog"}]},{"@type":"WebSite","@id":"https:\/\/vanrentalthessaloniki.gr\/de\/#website","url":"https:\/\/vanrentalthessaloniki.gr\/de\/","name":"\u0395\u03bd\u03bf\u03b9\u03ba\u03b9\u03ac\u03c3\u03b5\u03b9\u03c2 \u03a6\u03bf\u03c1\u03c4\u03b7\u03b3\u03ce\u03bd \u0392\u03b1\u03bd | Van Rental Thessaloniki","description":"\u0395\u03bd\u03bf\u03b9\u03ba\u03b9\u03ac\u03c3\u03b5\u03b9\u03c2 \u03a6\u03bf\u03c1\u03c4\u03b7\u03b3\u03ce\u03bd \u0392\u03b1\u03bd, \u03a8\u03c5\u03b3\u03b5\u03af\u03c9\u03bd \u03ba\u03b1\u03b9 \u03b1\u03bd\u03bf\u03b9\u03c7\u03c4\u03ad\u03c2 \u03ba\u03b1\u03c1\u03cc\u03c4\u03c3\u03b5\u03c2","publisher":{"@id":"https:\/\/vanrentalthessaloniki.gr\/de\/#organization"},"potentialAction":[{"@type":"SearchAction","target":{"@type":"EntryPoint","urlTemplate":"https:\/\/vanrentalthessaloniki.gr\/de\/?s={search_term_string}"},"query-input":{"@type":"PropertyValueSpecification","valueRequired":true,"valueName":"search_term_string"}}],"inLanguage":"de"},{"@type":"Organization","@id":"https:\/\/vanrentalthessaloniki.gr\/de\/#organization","name":"\u0395\u03bd\u03bf\u03b9\u03ba\u03b9\u03ac\u03c3\u03b5\u03b9\u03c2 \u03a6\u03bf\u03c1\u03c4\u03b7\u03b3\u03ce\u03bd \u0392\u03b1\u03bd | Van Rental Thessaloniki","url":"https:\/\/vanrentalthessaloniki.gr\/de\/","logo":{"@type":"ImageObject","inLanguage":"de","@id":"https:\/\/vanrentalthessaloniki.gr\/de\/#\/schema\/logo\/image\/","url":"https:\/\/vanrentalthessaloniki.gr\/wp-content\/uploads\/2024\/02\/Logo-VanRentalThessaloniki-Skg-1.png","contentUrl":"https:\/\/vanrentalthessaloniki.gr\/wp-content\/uploads\/2024\/02\/Logo-VanRentalThessaloniki-Skg-1.png","width":964,"height":259,"caption":"\u0395\u03bd\u03bf\u03b9\u03ba\u03b9\u03ac\u03c3\u03b5\u03b9\u03c2 \u03a6\u03bf\u03c1\u03c4\u03b7\u03b3\u03ce\u03bd \u0392\u03b1\u03bd | Van Rental Thessaloniki"},"image":{"@id":"https:\/\/vanrentalthessaloniki.gr\/de\/#\/schema\/logo\/image\/"}}]}},"_links":{"self":[{"href":"https:\/\/vanrentalthessaloniki.gr\/de\/wp-json\/wp\/v2\/pages\/1681","targetHints":{"allow":["GET"]}}],"collection":[{"href":"https:\/\/vanrentalthessaloniki.gr\/de\/wp-json\/wp\/v2\/pages"}],"about":[{"href":"https:\/\/vanrentalthessaloniki.gr\/de\/wp-json\/wp\/v2\/types\/page"}],"author":[{"embeddable":true,"href":"https:\/\/vanrentalthessaloniki.gr\/de\/wp-json\/wp\/v2\/users\/1"}],"replies":[{"embeddable":true,"href":"https:\/\/vanrentalthessaloniki.gr\/de\/wp-json\/wp\/v2\/comments?post=1681"}],"version-history":[{"count":0,"href":"https:\/\/vanrentalthessaloniki.gr\/de\/wp-json\/wp\/v2\/pages\/1681\/revisions"}],"wp:attachment":[{"href":"https:\/\/vanrentalthessaloniki.gr\/de\/wp-json\/wp\/v2\/media?parent=1681"}],"curies":[{"name":"wp","href":"https:\/\/api.w.org\/{rel}","templated":true}]}}