{"id":1675,"date":"2024-01-30T19:50:18","date_gmt":"2024-01-30T17:50:18","guid":{"rendered":"https:\/\/vanrentalthessaloniki.gr\/flotte\/"},"modified":"2026-02-07T20:32:07","modified_gmt":"2026-02-07T18:32:07","slug":"stolos","status":"publish","type":"page","link":"https:\/\/vanrentalthessaloniki.gr\/de\/stolos\/","title":{"rendered":"Flotte"},"content":{"rendered":"\t\t<div data-elementor-type=\"wp-page\" data-elementor-id=\"1675\" class=\"elementor elementor-1675 elementor-22\">\n\t\t\t\t<div class=\"elementor-element elementor-element-97dad35 e-flex e-con-boxed e-con e-parent\" data-id=\"97dad35\" data-element_type=\"container\" data-e-type=\"container\" data-settings=\"{&quot;background_background&quot;:&quot;gradient&quot;,&quot;shape_divider_bottom&quot;:&quot;opacity-tilt&quot;}\">\n\t\t\t\t\t<div class=\"e-con-inner\">\n\t\t\t\t<div class=\"elementor-shape elementor-shape-bottom\" aria-hidden=\"true\" data-negative=\"false\">\n\t\t\t<svg xmlns=\"http:\/\/www.w3.org\/2000\/svg\" viewBox=\"0 0 2600 131.1\" preserveAspectRatio=\"none\">\n\t<path class=\"elementor-shape-fill\" d=\"M0 0L2600 0 2600 69.1 0 0z\"\/>\n\t<path class=\"elementor-shape-fill\" style=\"opacity:0.5\" d=\"M0 0L2600 0 2600 69.1 0 69.1z\"\/>\n\t<path class=\"elementor-shape-fill\" style=\"opacity:0.25\" d=\"M2600 0L0 0 0 130.1 2600 69.1z\"\/>\n<\/svg>\t\t<\/div>\n\t\t\t\t<div class=\"elementor-element elementor-element-6307a01 elementor-widget elementor-widget-heading\" data-id=\"6307a01\" data-element_type=\"widget\" data-e-type=\"widget\" data-widget_type=\"heading.default\">\n\t\t\t\t<div class=\"elementor-widget-container\">\n\t\t\t\t\t<h2 class=\"elementor-heading-title elementor-size-default\">Flotte<\/h2>\t\t\t\t<\/div>\n\t\t\t\t<\/div>\n\t\t\t\t\t<\/div>\n\t\t\t\t<\/div>\n\t\t<div class=\"elementor-element elementor-element-9da7a8f e-flex e-con-boxed e-con e-parent\" data-id=\"9da7a8f\" data-element_type=\"container\" data-e-type=\"container\">\n\t\t\t\t\t<div class=\"e-con-inner\">\n\t\t\t\t<div class=\"elementor-element elementor-element-ca51aae elementor-widget elementor-widget-heading\" data-id=\"ca51aae\" data-element_type=\"widget\" data-e-type=\"widget\" data-widget_type=\"heading.default\">\n\t\t\t\t<div class=\"elementor-widget-container\">\n\t\t\t\t\t<h1 class=\"elementor-heading-title elementor-size-default\">Flotte professioneller Lieferwagen<\/h1>\t\t\t\t<\/div>\n\t\t\t\t<\/div>\n\t\t\t\t<div class=\"elementor-element elementor-element-857dd5c elementor-widget elementor-widget-text-editor\" data-id=\"857dd5c\" data-element_type=\"widget\" data-e-type=\"widget\" data-widget_type=\"text-editor.default\">\n\t\t\t\t<div class=\"elementor-widget-container\">\n\t\t\t\t\t\t\t\t\t<p>Die Professional Transporterflotte in Thessaloniki ist die ideale Wahl f\u00fcr alle, die einen zuverl\u00e4ssigen, wirtschaftlichen und flexiblen Transporter mieten m\u00f6chten. Mit einem reichhaltigen und vielseitigen Fuhrpark, hochwertigen Dienstleistungen und freundlichem und qualifiziertem Personal stehen wir Ihnen immer zur Seite, um Ihre Bed\u00fcrfnisse mit absoluter Professionalit\u00e4t und Zuverl\u00e4ssigkeit zu erf\u00fcllen.<\/p>\n\t\t\t\t\t\t\t\t<\/div>\n\t\t\t\t<\/div>\n\t\t\t\t<div class=\"elementor-element elementor-element-817dac5 elementor-widget elementor-widget-shortcode\" data-id=\"817dac5\" data-element_type=\"widget\" data-e-type=\"widget\" data-widget_type=\"shortcode.default\">\n\t\t\t\t<div class=\"elementor-widget-container\">\n\t\t\t\t\t\t\t<div class=\"elementor-shortcode\"><\/div>\n\t\t\t\t\t\t<\/div>\n\t\t\t\t<\/div>\n\t\t\t\t\t<\/div>\n\t\t\t\t<\/div>\n\t\t\t\t<\/div>\n\t\t","protected":false},"excerpt":{"rendered":"<p>Flotte Flotte professioneller Lieferwagen Die Professional Transporterflotte in Thessaloniki ist die ideale Wahl f\u00fcr alle, die einen zuverl\u00e4ssigen, wirtschaftlichen und flexiblen Transporter mieten m\u00f6chten. Mit einem reichhaltigen und vielseitigen Fuhrpark, hochwertigen Dienstleistungen und freundlichem und qualifiziertem Personal stehen wir Ihnen immer zur Seite, um Ihre Bed\u00fcrfnisse mit absoluter Professionalit\u00e4t und Zuverl\u00e4ssigkeit zu erf\u00fcllen.<\/p>\n","protected":false},"author":1,"featured_media":0,"parent":0,"menu_order":0,"comment_status":"closed","ping_status":"closed","template":"elementor_header_footer","meta":{"footnotes":""},"class_list":["post-1675","page","type-page","status-publish","hentry"],"blocksy_meta":[],"yoast_head":"<!-- This site is optimized with the Yoast SEO plugin v27.2 - https:\/\/yoast.com\/product\/yoast-seo-wordpress\/ -->\n<title>Flotte - \u0395\u03bd\u03bf\u03b9\u03ba\u03b9\u03ac\u03c3\u03b5\u03b9\u03c2 \u03a6\u03bf\u03c1\u03c4\u03b7\u03b3\u03ce\u03bd \u0392\u03b1\u03bd | Van Rental Thessaloniki<\/title>\n<meta name=\"robots\" content=\"index, follow, max-snippet:-1, max-image-preview:large, max-video-preview:-1\" \/>\n<link rel=\"canonical\" href=\"https:\/\/vanrentalthessaloniki.gr\/de\/stolos\/\" \/>\n<meta property=\"og:locale\" content=\"de_DE\" \/>\n<meta property=\"og:type\" content=\"article\" \/>\n<meta property=\"og:title\" content=\"Flotte - \u0395\u03bd\u03bf\u03b9\u03ba\u03b9\u03ac\u03c3\u03b5\u03b9\u03c2 \u03a6\u03bf\u03c1\u03c4\u03b7\u03b3\u03ce\u03bd \u0392\u03b1\u03bd | Van Rental Thessaloniki\" \/>\n<meta property=\"og:description\" content=\"Flotte Flotte professioneller Lieferwagen Die Professional Transporterflotte in Thessaloniki ist die ideale Wahl f\u00fcr alle, die einen zuverl\u00e4ssigen, wirtschaftlichen und flexiblen Transporter mieten m\u00f6chten. Mit einem reichhaltigen und vielseitigen Fuhrpark, hochwertigen Dienstleistungen und freundlichem und qualifiziertem Personal stehen wir Ihnen immer zur Seite, um Ihre Bed\u00fcrfnisse mit absoluter Professionalit\u00e4t und Zuverl\u00e4ssigkeit zu erf\u00fcllen.\" \/>\n<meta property=\"og:url\" content=\"https:\/\/vanrentalthessaloniki.gr\/de\/stolos\/\" \/>\n<meta property=\"og:site_name\" content=\"\u0395\u03bd\u03bf\u03b9\u03ba\u03b9\u03ac\u03c3\u03b5\u03b9\u03c2 \u03a6\u03bf\u03c1\u03c4\u03b7\u03b3\u03ce\u03bd \u0392\u03b1\u03bd | Van Rental Thessaloniki\" \/>\n<meta property=\"article:modified_time\" content=\"2026-02-07T18:32:07+00:00\" \/>\n<meta name=\"twitter:card\" content=\"summary_large_image\" \/>\n<script type=\"application\/ld+json\" class=\"yoast-schema-graph\">{\"@context\":\"https:\/\/schema.org\",\"@graph\":[{\"@type\":\"WebPage\",\"@id\":\"https:\/\/vanrentalthessaloniki.gr\/de\/stolos\/\",\"url\":\"https:\/\/vanrentalthessaloniki.gr\/de\/stolos\/\",\"name\":\"Flotte - \u0395\u03bd\u03bf\u03b9\u03ba\u03b9\u03ac\u03c3\u03b5\u03b9\u03c2 \u03a6\u03bf\u03c1\u03c4\u03b7\u03b3\u03ce\u03bd \u0392\u03b1\u03bd | Van Rental Thessaloniki\",\"isPartOf\":{\"@id\":\"https:\/\/vanrentalthessaloniki.gr\/de\/#website\"},\"datePublished\":\"2024-01-30T17:50:18+00:00\",\"dateModified\":\"2026-02-07T18:32:07+00:00\",\"breadcrumb\":{\"@id\":\"https:\/\/vanrentalthessaloniki.gr\/de\/stolos\/#breadcrumb\"},\"inLanguage\":\"de\",\"potentialAction\":[{\"@type\":\"ReadAction\",\"target\":[\"https:\/\/vanrentalthessaloniki.gr\/de\/stolos\/\"]}]},{\"@type\":\"BreadcrumbList\",\"@id\":\"https:\/\/vanrentalthessaloniki.gr\/de\/stolos\/#breadcrumb\",\"itemListElement\":[{\"@type\":\"ListItem\",\"position\":1,\"name\":\"\u0391\u03c1\u03c7\u03b9\u03ba\u03ae\",\"item\":\"https:\/\/vanrentalthessaloniki.gr\/de\/\"},{\"@type\":\"ListItem\",\"position\":2,\"name\":\"Flotte\"}]},{\"@type\":\"WebSite\",\"@id\":\"https:\/\/vanrentalthessaloniki.gr\/de\/#website\",\"url\":\"https:\/\/vanrentalthessaloniki.gr\/de\/\",\"name\":\"\u0395\u03bd\u03bf\u03b9\u03ba\u03b9\u03ac\u03c3\u03b5\u03b9\u03c2 \u03a6\u03bf\u03c1\u03c4\u03b7\u03b3\u03ce\u03bd \u0392\u03b1\u03bd | Van Rental Thessaloniki\",\"description\":\"\u0395\u03bd\u03bf\u03b9\u03ba\u03b9\u03ac\u03c3\u03b5\u03b9\u03c2 \u03a6\u03bf\u03c1\u03c4\u03b7\u03b3\u03ce\u03bd \u0392\u03b1\u03bd, \u03a8\u03c5\u03b3\u03b5\u03af\u03c9\u03bd \u03ba\u03b1\u03b9 \u03b1\u03bd\u03bf\u03b9\u03c7\u03c4\u03ad\u03c2 \u03ba\u03b1\u03c1\u03cc\u03c4\u03c3\u03b5\u03c2\",\"publisher\":{\"@id\":\"https:\/\/vanrentalthessaloniki.gr\/de\/#organization\"},\"potentialAction\":[{\"@type\":\"SearchAction\",\"target\":{\"@type\":\"EntryPoint\",\"urlTemplate\":\"https:\/\/vanrentalthessaloniki.gr\/de\/?s={search_term_string}\"},\"query-input\":{\"@type\":\"PropertyValueSpecification\",\"valueRequired\":true,\"valueName\":\"search_term_string\"}}],\"inLanguage\":\"de\"},{\"@type\":\"Organization\",\"@id\":\"https:\/\/vanrentalthessaloniki.gr\/de\/#organization\",\"name\":\"\u0395\u03bd\u03bf\u03b9\u03ba\u03b9\u03ac\u03c3\u03b5\u03b9\u03c2 \u03a6\u03bf\u03c1\u03c4\u03b7\u03b3\u03ce\u03bd \u0392\u03b1\u03bd | Van Rental Thessaloniki\",\"url\":\"https:\/\/vanrentalthessaloniki.gr\/de\/\",\"logo\":{\"@type\":\"ImageObject\",\"inLanguage\":\"de\",\"@id\":\"https:\/\/vanrentalthessaloniki.gr\/de\/#\/schema\/logo\/image\/\",\"url\":\"https:\/\/vanrentalthessaloniki.gr\/wp-content\/uploads\/2024\/02\/Logo-VanRentalThessaloniki-Skg-1.png\",\"contentUrl\":\"https:\/\/vanrentalthessaloniki.gr\/wp-content\/uploads\/2024\/02\/Logo-VanRentalThessaloniki-Skg-1.png\",\"width\":964,\"height\":259,\"caption\":\"\u0395\u03bd\u03bf\u03b9\u03ba\u03b9\u03ac\u03c3\u03b5\u03b9\u03c2 \u03a6\u03bf\u03c1\u03c4\u03b7\u03b3\u03ce\u03bd \u0392\u03b1\u03bd | Van Rental Thessaloniki\"},\"image\":{\"@id\":\"https:\/\/vanrentalthessaloniki.gr\/de\/#\/schema\/logo\/image\/\"}}]}<\/script>\n<!-- \/ Yoast SEO plugin. -->","yoast_head_json":{"title":"Flotte - \u0395\u03bd\u03bf\u03b9\u03ba\u03b9\u03ac\u03c3\u03b5\u03b9\u03c2 \u03a6\u03bf\u03c1\u03c4\u03b7\u03b3\u03ce\u03bd \u0392\u03b1\u03bd | Van Rental Thessaloniki","robots":{"index":"index","follow":"follow","max-snippet":"max-snippet:-1","max-image-preview":"max-image-preview:large","max-video-preview":"max-video-preview:-1"},"canonical":"https:\/\/vanrentalthessaloniki.gr\/de\/stolos\/","og_locale":"de_DE","og_type":"article","og_title":"Flotte - \u0395\u03bd\u03bf\u03b9\u03ba\u03b9\u03ac\u03c3\u03b5\u03b9\u03c2 \u03a6\u03bf\u03c1\u03c4\u03b7\u03b3\u03ce\u03bd \u0392\u03b1\u03bd | Van Rental Thessaloniki","og_description":"Flotte Flotte professioneller Lieferwagen Die Professional Transporterflotte in Thessaloniki ist die ideale Wahl f\u00fcr alle, die einen zuverl\u00e4ssigen, wirtschaftlichen und flexiblen Transporter mieten m\u00f6chten. Mit einem reichhaltigen und vielseitigen Fuhrpark, hochwertigen Dienstleistungen und freundlichem und qualifiziertem Personal stehen wir Ihnen immer zur Seite, um Ihre Bed\u00fcrfnisse mit absoluter Professionalit\u00e4t und Zuverl\u00e4ssigkeit zu erf\u00fcllen.","og_url":"https:\/\/vanrentalthessaloniki.gr\/de\/stolos\/","og_site_name":"\u0395\u03bd\u03bf\u03b9\u03ba\u03b9\u03ac\u03c3\u03b5\u03b9\u03c2 \u03a6\u03bf\u03c1\u03c4\u03b7\u03b3\u03ce\u03bd \u0392\u03b1\u03bd | Van Rental Thessaloniki","article_modified_time":"2026-02-07T18:32:07+00:00","twitter_card":"summary_large_image","schema":{"@context":"https:\/\/schema.org","@graph":[{"@type":"WebPage","@id":"https:\/\/vanrentalthessaloniki.gr\/de\/stolos\/","url":"https:\/\/vanrentalthessaloniki.gr\/de\/stolos\/","name":"Flotte - \u0395\u03bd\u03bf\u03b9\u03ba\u03b9\u03ac\u03c3\u03b5\u03b9\u03c2 \u03a6\u03bf\u03c1\u03c4\u03b7\u03b3\u03ce\u03bd \u0392\u03b1\u03bd | Van Rental Thessaloniki","isPartOf":{"@id":"https:\/\/vanrentalthessaloniki.gr\/de\/#website"},"datePublished":"2024-01-30T17:50:18+00:00","dateModified":"2026-02-07T18:32:07+00:00","breadcrumb":{"@id":"https:\/\/vanrentalthessaloniki.gr\/de\/stolos\/#breadcrumb"},"inLanguage":"de","potentialAction":[{"@type":"ReadAction","target":["https:\/\/vanrentalthessaloniki.gr\/de\/stolos\/"]}]},{"@type":"BreadcrumbList","@id":"https:\/\/vanrentalthessaloniki.gr\/de\/stolos\/#breadcrumb","itemListElement":[{"@type":"ListItem","position":1,"name":"\u0391\u03c1\u03c7\u03b9\u03ba\u03ae","item":"https:\/\/vanrentalthessaloniki.gr\/de\/"},{"@type":"ListItem","position":2,"name":"Flotte"}]},{"@type":"WebSite","@id":"https:\/\/vanrentalthessaloniki.gr\/de\/#website","url":"https:\/\/vanrentalthessaloniki.gr\/de\/","name":"\u0395\u03bd\u03bf\u03b9\u03ba\u03b9\u03ac\u03c3\u03b5\u03b9\u03c2 \u03a6\u03bf\u03c1\u03c4\u03b7\u03b3\u03ce\u03bd \u0392\u03b1\u03bd | Van Rental Thessaloniki","description":"\u0395\u03bd\u03bf\u03b9\u03ba\u03b9\u03ac\u03c3\u03b5\u03b9\u03c2 \u03a6\u03bf\u03c1\u03c4\u03b7\u03b3\u03ce\u03bd \u0392\u03b1\u03bd, \u03a8\u03c5\u03b3\u03b5\u03af\u03c9\u03bd \u03ba\u03b1\u03b9 \u03b1\u03bd\u03bf\u03b9\u03c7\u03c4\u03ad\u03c2 \u03ba\u03b1\u03c1\u03cc\u03c4\u03c3\u03b5\u03c2","publisher":{"@id":"https:\/\/vanrentalthessaloniki.gr\/de\/#organization"},"potentialAction":[{"@type":"SearchAction","target":{"@type":"EntryPoint","urlTemplate":"https:\/\/vanrentalthessaloniki.gr\/de\/?s={search_term_string}"},"query-input":{"@type":"PropertyValueSpecification","valueRequired":true,"valueName":"search_term_string"}}],"inLanguage":"de"},{"@type":"Organization","@id":"https:\/\/vanrentalthessaloniki.gr\/de\/#organization","name":"\u0395\u03bd\u03bf\u03b9\u03ba\u03b9\u03ac\u03c3\u03b5\u03b9\u03c2 \u03a6\u03bf\u03c1\u03c4\u03b7\u03b3\u03ce\u03bd \u0392\u03b1\u03bd | Van Rental Thessaloniki","url":"https:\/\/vanrentalthessaloniki.gr\/de\/","logo":{"@type":"ImageObject","inLanguage":"de","@id":"https:\/\/vanrentalthessaloniki.gr\/de\/#\/schema\/logo\/image\/","url":"https:\/\/vanrentalthessaloniki.gr\/wp-content\/uploads\/2024\/02\/Logo-VanRentalThessaloniki-Skg-1.png","contentUrl":"https:\/\/vanrentalthessaloniki.gr\/wp-content\/uploads\/2024\/02\/Logo-VanRentalThessaloniki-Skg-1.png","width":964,"height":259,"caption":"\u0395\u03bd\u03bf\u03b9\u03ba\u03b9\u03ac\u03c3\u03b5\u03b9\u03c2 \u03a6\u03bf\u03c1\u03c4\u03b7\u03b3\u03ce\u03bd \u0392\u03b1\u03bd | Van Rental Thessaloniki"},"image":{"@id":"https:\/\/vanrentalthessaloniki.gr\/de\/#\/schema\/logo\/image\/"}}]}},"_links":{"self":[{"href":"https:\/\/vanrentalthessaloniki.gr\/de\/wp-json\/wp\/v2\/pages\/1675","targetHints":{"allow":["GET"]}}],"collection":[{"href":"https:\/\/vanrentalthessaloniki.gr\/de\/wp-json\/wp\/v2\/pages"}],"about":[{"href":"https:\/\/vanrentalthessaloniki.gr\/de\/wp-json\/wp\/v2\/types\/page"}],"author":[{"embeddable":true,"href":"https:\/\/vanrentalthessaloniki.gr\/de\/wp-json\/wp\/v2\/users\/1"}],"replies":[{"embeddable":true,"href":"https:\/\/vanrentalthessaloniki.gr\/de\/wp-json\/wp\/v2\/comments?post=1675"}],"version-history":[{"count":0,"href":"https:\/\/vanrentalthessaloniki.gr\/de\/wp-json\/wp\/v2\/pages\/1675\/revisions"}],"wp:attachment":[{"href":"https:\/\/vanrentalthessaloniki.gr\/de\/wp-json\/wp\/v2\/media?parent=1675"}],"curies":[{"name":"wp","href":"https:\/\/api.w.org\/{rel}","templated":true}]}}